{"id":7362,"date":"2022-04-06T22:34:25","date_gmt":"2022-04-06T20:34:25","guid":{"rendered":"https:\/\/mediafocus.ch\/?page_id=7362"},"modified":"2026-04-24T13:38:20","modified_gmt":"2026-04-24T11:38:20","slug":"publications","status":"publish","type":"page","link":"https:\/\/mediafocus.ch\/fr\/publications\/","title":{"rendered":"Publications"},"content":{"rendered":"\n<div class=\"wp-block-cover is-light\" style=\"min-height:700px;aspect-ratio:unset;\"><img loading=\"lazy\" decoding=\"async\" width=\"2000\" height=\"1014\" class=\"wp-block-cover__image-background wp-image-1448\" alt=\"\" src=\"https:\/\/mediafocus.ch\/wp-content\/uploads\/2022\/02\/Titelbild-Publikationen.png\" data-object-fit=\"cover\" srcset=\"https:\/\/mediafocus.ch\/wp-content\/uploads\/2022\/02\/Titelbild-Publikationen.png 2000w, https:\/\/mediafocus.ch\/wp-content\/uploads\/2022\/02\/Titelbild-Publikationen-300x152.png 300w, https:\/\/mediafocus.ch\/wp-content\/uploads\/2022\/02\/Titelbild-Publikationen-1024x519.png 1024w, https:\/\/mediafocus.ch\/wp-content\/uploads\/2022\/02\/Titelbild-Publikationen-768x389.png 768w, https:\/\/mediafocus.ch\/wp-content\/uploads\/2022\/02\/Titelbild-Publikationen-1536x779.png 1536w\" sizes=\"auto, (max-width: 2000px) 100vw, 2000px\" \/><span aria-hidden=\"true\" class=\"wp-block-cover__background has-background-dim-0 has-background-dim\"><\/span><div class=\"wp-block-cover__inner-container is-layout-flow wp-block-cover-is-layout-flow\">\n<p class=\"has-text-align-center has-large-font-size\"><\/p>\n<\/div><\/div>\n\n\n\n\n\n<div style=\"height:100px\" aria-hidden=\"true\" class=\"wp-block-spacer\"><\/div>\n\n\n\n<div class=\"wp-block-group is-layout-flow wp-block-group-is-layout-flow\">\n<div class=\"wp-block-columns container-xxl is-layout-flex wp-container-core-columns-is-layout-9d6595d7 wp-block-columns-is-layout-flex\">\n<div class=\"wp-block-column is-layout-flow wp-block-column-is-layout-flow\">\n<h1 class=\"wp-block-heading has-turqoise-500-color has-text-color\">Publications<\/h1>\n<\/div>\n\n\n\n<div class=\"wp-block-column is-layout-flow wp-block-column-is-layout-flow\">\n<p>Nos publications fournissent des informations fond\u00e9es sur le march\u00e9 publicitaire suisse ainsi que sur la visibilit\u00e9 globale des marques et des secteurs dans les domaines de la publicit\u00e9, de la communication et du sponsoring. Nous pr\u00e9parons r\u00e9guli\u00e8rement les chiffres cl\u00e9s pertinents, les \u00e9volutions actuelles et les mouvements mensuels du march\u00e9 de mani\u00e8re compr\u00e9hensible et fond\u00e9e sur les donn\u00e9es.<\/p>\n<\/div>\n<\/div>\n<\/div>\n\n\n\n<div style=\"height:100px\" aria-hidden=\"true\" class=\"wp-block-spacer\"><\/div>\n\n\n\n<div class=\"wp-block-group is-layout-constrained wp-container-core-group-is-layout-48c9aa2a wp-block-group-is-layout-constrained\">    <div class=\"btn-group js-mediafocus-query-loop-taxonomy-filter\">\n        <a href=\"https:\/\/mediafocus.ch\/fr\/publications\/\" class=\"btn btn-primary\" style=\"max-width: 108px;\">All<\/a>\n                    <a href=\"https:\/\/mediafocus.ch\/fr\/publications\/?mf_tax_wbk_post_entry_category=125\" class=\"btn btn-outline-grey\">Tendance du march\u00e9 publicitaire<\/a>\n                    <a href=\"https:\/\/mediafocus.ch\/fr\/publications\/?mf_tax_wbk_post_entry_category=172\" class=\"btn btn-outline-grey\">Media Focus Publications<\/a>\n                    <a href=\"https:\/\/mediafocus.ch\/fr\/publications\/?mf_tax_wbk_post_entry_category=175\" class=\"btn btn-outline-grey\">Tendance de la marque<\/a>\n                    <a href=\"https:\/\/mediafocus.ch\/fr\/publications\/?mf_tax_wbk_post_entry_category=182\" class=\"btn btn-outline-grey\">Media Focus \u00c9tudes<\/a>\n                <\/div>\n    <\/div>\n    \n\n\n\n<div style=\"height:2em\" aria-hidden=\"true\" class=\"wp-block-spacer\"><\/div>\n\n\n\n<div class=\"wp-block-group alignfull has-background is-layout-constrained wp-block-group-is-layout-constrained\" style=\"background-color:#f2f2f2\">\n<div style=\"height:80px\" aria-hidden=\"true\" class=\"wp-block-spacer\"><\/div>\n\n\n\n<div class=\"wp-block-group is-layout-constrained wp-container-core-group-is-layout-8d062ed9 wp-block-group-is-layout-constrained\">\n<div class=\"wp-block-query is-layout-flow wp-block-query-is-layout-flow\"><ul class=\"columns-3 wp-block-post-template is-layout-grid wp-container-core-post-template-is-layout-2f3213d7 wp-block-post-template-is-layout-grid\"><li class=\"wp-block-post post-588143 wbk_post_entry type-wbk_post_entry status-publish format-standard hentry wbk_post_entry_category-tendance-du-marche-publicitaire wbk_post_entry_category-publications-fr wbk_post_entry_category-werbemarkttrend-fr\">\n\n<div class=\"wp-block-group boxpublikation has-white-000-background-color has-background is-layout-constrained wp-block-group-is-layout-constrained\"><div class=\"taxonomy-wbk_post_entry_category disabled-link wp-block-post-terms has-small-font-size\"><a href=\"https:\/\/mediafocus.ch\/wbk_post_entry_category\/tendance-du-marche-publicitaire\/\" rel=\"tag\">Tendance du march\u00e9 publicitaire<\/a><span class=\"wp-block-post-terms__separator\">, <\/span><a href=\"https:\/\/mediafocus.ch\/wbk_post_entry_category\/publications-fr\/\" rel=\"tag\">Media Focus Publications<\/a><span class=\"wp-block-post-terms__separator\">, <\/span><a href=\"https:\/\/mediafocus.ch\/wbk_post_entry_category\/werbemarkttrend-fr\/\" rel=\"tag\">Tendance de la marque<\/a><\/div>\n\n\n<div style=\"height:0.5em;width:0px\" aria-hidden=\"true\" class=\"wp-block-spacer\"><\/div>\n\n\n<div class=\"date wp-block-post-date has-medium-font-size\"><time datetime=\"2026-04-20T09:42:23+02:00\">20. avril 2026<\/time><\/div>\n\n<h6 style=\"font-size:17px;\" class=\"has-link-color posthover wp-elements-668afe38e325c4b2aa7e4d81eccee35c wp-block-post-title has-text-color has-black-900-color\"><a href=\"https:\/\/mediafocus.ch\/fr\/publication\/legere-hausse-au-premier-trimestre-malgre-un-recul-en-mars\/\" target=\"_self\" >L\u00e9g\u00e8re hausse au premier trimestre, malgr\u00e9 un recul en mars<\/a><\/h6>\n\n\n<div style=\"height:1em;width:0px\" aria-hidden=\"true\" class=\"wp-block-spacer\"><\/div>\n<\/div>\n\n<\/li><li class=\"wp-block-post post-588144 wbk_post_entry type-wbk_post_entry status-publish format-standard hentry wbk_post_entry_category-tendance-du-marche-publicitaire wbk_post_entry_category-publications-fr wbk_post_entry_category-werbemarkttrend-fr\">\n\n<div class=\"wp-block-group boxpublikation has-white-000-background-color has-background is-layout-constrained wp-block-group-is-layout-constrained\"><div class=\"taxonomy-wbk_post_entry_category disabled-link wp-block-post-terms has-small-font-size\"><a href=\"https:\/\/mediafocus.ch\/wbk_post_entry_category\/tendance-du-marche-publicitaire\/\" rel=\"tag\">Tendance du march\u00e9 publicitaire<\/a><span class=\"wp-block-post-terms__separator\">, <\/span><a href=\"https:\/\/mediafocus.ch\/wbk_post_entry_category\/publications-fr\/\" rel=\"tag\">Media Focus Publications<\/a><span class=\"wp-block-post-terms__separator\">, <\/span><a href=\"https:\/\/mediafocus.ch\/wbk_post_entry_category\/werbemarkttrend-fr\/\" rel=\"tag\">Tendance de la marque<\/a><\/div>\n\n\n<div style=\"height:0.5em;width:0px\" aria-hidden=\"true\" class=\"wp-block-spacer\"><\/div>\n\n\n<div class=\"date wp-block-post-date has-medium-font-size\"><time datetime=\"2026-03-18T16:10:51+01:00\">18. mars 2026<\/time><\/div>\n\n<h6 style=\"font-size:17px;\" class=\"has-link-color posthover wp-elements-668afe38e325c4b2aa7e4d81eccee35c wp-block-post-title has-text-color has-black-900-color\"><a href=\"https:\/\/mediafocus.ch\/fr\/publication\/le-mois-de-fevrier-affiche-une-tendance-a-la-hausse\/\" target=\"_self\" >Le mois de f\u00e9vrier affiche une tendance \u00e0 la hausse<\/a><\/h6>\n\n\n<div style=\"height:1em;width:0px\" aria-hidden=\"true\" class=\"wp-block-spacer\"><\/div>\n<\/div>\n\n<\/li><li class=\"wp-block-post post-588145 wbk_post_entry type-wbk_post_entry status-publish format-standard hentry wbk_post_entry_category-etudes\">\n\n<div class=\"wp-block-group boxpublikation has-white-000-background-color has-background is-layout-constrained wp-block-group-is-layout-constrained\"><div class=\"taxonomy-wbk_post_entry_category disabled-link wp-block-post-terms has-small-font-size\"><a href=\"https:\/\/mediafocus.ch\/wbk_post_entry_category\/etudes\/\" rel=\"tag\">Media Focus \u00c9tudes<\/a><\/div>\n\n\n<div style=\"height:0.5em;width:0px\" aria-hidden=\"true\" class=\"wp-block-spacer\"><\/div>\n\n\n<div class=\"date wp-block-post-date has-medium-font-size\"><time datetime=\"2026-03-06T08:11:22+01:00\">6. mars 2026<\/time><\/div>\n\n<h6 style=\"font-size:17px;\" class=\"has-link-color posthover wp-elements-668afe38e325c4b2aa7e4d81eccee35c wp-block-post-title has-text-color has-black-900-color\"><a href=\"https:\/\/mediafocus.ch\/fr\/publication\/marche-publicitaire-d-a-ch-2025\/\" target=\"_self\" >March\u00e9 publicitaire D-A-CH 2025<\/a><\/h6>\n\n\n<div style=\"height:1em;width:0px\" aria-hidden=\"true\" class=\"wp-block-spacer\"><\/div>\n<\/div>\n\n<\/li><li class=\"wp-block-post post-588146 wbk_post_entry type-wbk_post_entry status-publish format-standard hentry wbk_post_entry_category-tendance-du-marche-publicitaire wbk_post_entry_category-publications-fr wbk_post_entry_category-werbemarkttrend-fr\">\n\n<div class=\"wp-block-group boxpublikation has-white-000-background-color has-background is-layout-constrained wp-block-group-is-layout-constrained\"><div class=\"taxonomy-wbk_post_entry_category disabled-link wp-block-post-terms has-small-font-size\"><a href=\"https:\/\/mediafocus.ch\/wbk_post_entry_category\/tendance-du-marche-publicitaire\/\" rel=\"tag\">Tendance du march\u00e9 publicitaire<\/a><span class=\"wp-block-post-terms__separator\">, <\/span><a href=\"https:\/\/mediafocus.ch\/wbk_post_entry_category\/publications-fr\/\" rel=\"tag\">Media Focus Publications<\/a><span class=\"wp-block-post-terms__separator\">, <\/span><a href=\"https:\/\/mediafocus.ch\/wbk_post_entry_category\/werbemarkttrend-fr\/\" rel=\"tag\">Tendance de la marque<\/a><\/div>\n\n\n<div style=\"height:0.5em;width:0px\" aria-hidden=\"true\" class=\"wp-block-spacer\"><\/div>\n\n\n<div class=\"date wp-block-post-date has-medium-font-size\"><time datetime=\"2026-02-19T14:48:43+01:00\">19. f\u00e9vrier 2026<\/time><\/div>\n\n<h6 style=\"font-size:17px;\" class=\"has-link-color posthover wp-elements-668afe38e325c4b2aa7e4d81eccee35c wp-block-post-title has-text-color has-black-900-color\"><a href=\"https:\/\/mediafocus.ch\/fr\/publication\/legere-tendance-a-la-hausse-en-debut-dannee-les-secteurs-loisir-gastronomie-tourisme-et-vehicules-animent-le-debut-de-lannee\/\" target=\"_self\" >L\u00e9g\u00e8re tendance \u00e0 la hausse en d\u00e9but d\u2019ann\u00e9e: les secteurs Loisir, Gastronomie &amp; Tourisme et V\u00e9hicules animent le d\u00e9but de l\u2019ann\u00e9e<\/a><\/h6>\n\n\n<div style=\"height:1em;width:0px\" aria-hidden=\"true\" class=\"wp-block-spacer\"><\/div>\n<\/div>\n\n<\/li><li class=\"wp-block-post post-588147 wbk_post_entry type-wbk_post_entry status-publish format-standard hentry wbk_post_entry_category-tendance-du-marche-publicitaire wbk_post_entry_category-publications-fr wbk_post_entry_category-werbemarkttrend-fr\">\n\n<div class=\"wp-block-group boxpublikation has-white-000-background-color has-background is-layout-constrained wp-block-group-is-layout-constrained\"><div class=\"taxonomy-wbk_post_entry_category disabled-link wp-block-post-terms has-small-font-size\"><a href=\"https:\/\/mediafocus.ch\/wbk_post_entry_category\/tendance-du-marche-publicitaire\/\" rel=\"tag\">Tendance du march\u00e9 publicitaire<\/a><span class=\"wp-block-post-terms__separator\">, <\/span><a href=\"https:\/\/mediafocus.ch\/wbk_post_entry_category\/publications-fr\/\" rel=\"tag\">Media Focus Publications<\/a><span class=\"wp-block-post-terms__separator\">, <\/span><a href=\"https:\/\/mediafocus.ch\/wbk_post_entry_category\/werbemarkttrend-fr\/\" rel=\"tag\">Tendance de la marque<\/a><\/div>\n\n\n<div style=\"height:0.5em;width:0px\" aria-hidden=\"true\" class=\"wp-block-spacer\"><\/div>\n\n\n<div class=\"date wp-block-post-date has-medium-font-size\"><time datetime=\"2026-01-28T14:46:03+01:00\">28. janvier 2026<\/time><\/div>\n\n<h6 style=\"font-size:17px;\" class=\"has-link-color posthover wp-elements-668afe38e325c4b2aa7e4d81eccee35c wp-block-post-title has-text-color has-black-900-color\"><a href=\"https:\/\/mediafocus.ch\/fr\/publication\/resume-annuel-2025-le-marche-publicitaire-suisse\/\" target=\"_self\" >R\u00e9sum\u00e9 annuel\u00a02025\u00a0\u2013 Le march\u00e9 publicitaire suisse<\/a><\/h6>\n\n\n<div style=\"height:1em;width:0px\" aria-hidden=\"true\" class=\"wp-block-spacer\"><\/div>\n<\/div>\n\n<\/li><li class=\"wp-block-post post-588148 wbk_post_entry type-wbk_post_entry status-publish format-standard hentry wbk_post_entry_category-tendance-du-marche-publicitaire wbk_post_entry_category-publications-fr wbk_post_entry_category-werbemarkttrend-fr\">\n\n<div class=\"wp-block-group boxpublikation has-white-000-background-color has-background is-layout-constrained wp-block-group-is-layout-constrained\"><div class=\"taxonomy-wbk_post_entry_category disabled-link wp-block-post-terms has-small-font-size\"><a href=\"https:\/\/mediafocus.ch\/wbk_post_entry_category\/tendance-du-marche-publicitaire\/\" rel=\"tag\">Tendance du march\u00e9 publicitaire<\/a><span class=\"wp-block-post-terms__separator\">, <\/span><a href=\"https:\/\/mediafocus.ch\/wbk_post_entry_category\/publications-fr\/\" rel=\"tag\">Media Focus Publications<\/a><span class=\"wp-block-post-terms__separator\">, <\/span><a href=\"https:\/\/mediafocus.ch\/wbk_post_entry_category\/werbemarkttrend-fr\/\" rel=\"tag\">Tendance de la marque<\/a><\/div>\n\n\n<div style=\"height:0.5em;width:0px\" aria-hidden=\"true\" class=\"wp-block-spacer\"><\/div>\n\n\n<div class=\"date wp-block-post-date has-medium-font-size\"><time datetime=\"2026-01-22T15:15:54+01:00\">22. janvier 2026<\/time><\/div>\n\n<h6 style=\"font-size:17px;\" class=\"has-link-color posthover wp-elements-668afe38e325c4b2aa7e4d81eccee35c wp-block-post-title has-text-color has-black-900-color\"><a href=\"https:\/\/mediafocus.ch\/fr\/publication\/une-reprise-en-fin-dannee\/\" target=\"_self\" >Une reprise en fin d\u2019ann\u00e9e<\/a><\/h6>\n\n\n<div style=\"height:1em;width:0px\" aria-hidden=\"true\" class=\"wp-block-spacer\"><\/div>\n<\/div>\n\n<\/li><li class=\"wp-block-post post-588149 wbk_post_entry type-wbk_post_entry status-publish format-standard hentry wbk_post_entry_category-tendance-du-marche-publicitaire wbk_post_entry_category-publications-fr wbk_post_entry_category-werbemarkttrend-fr\">\n\n<div class=\"wp-block-group boxpublikation has-white-000-background-color has-background is-layout-constrained wp-block-group-is-layout-constrained\"><div class=\"taxonomy-wbk_post_entry_category disabled-link wp-block-post-terms has-small-font-size\"><a href=\"https:\/\/mediafocus.ch\/wbk_post_entry_category\/tendance-du-marche-publicitaire\/\" rel=\"tag\">Tendance du march\u00e9 publicitaire<\/a><span class=\"wp-block-post-terms__separator\">, <\/span><a href=\"https:\/\/mediafocus.ch\/wbk_post_entry_category\/publications-fr\/\" rel=\"tag\">Media Focus Publications<\/a><span class=\"wp-block-post-terms__separator\">, <\/span><a href=\"https:\/\/mediafocus.ch\/wbk_post_entry_category\/werbemarkttrend-fr\/\" rel=\"tag\">Tendance de la marque<\/a><\/div>\n\n\n<div style=\"height:0.5em;width:0px\" aria-hidden=\"true\" class=\"wp-block-spacer\"><\/div>\n\n\n<div class=\"date wp-block-post-date has-medium-font-size\"><time datetime=\"2025-12-19T13:11:10+01:00\">19. d\u00e9cembre 2025<\/time><\/div>\n\n<h6 style=\"font-size:17px;\" class=\"has-link-color posthover wp-elements-668afe38e325c4b2aa7e4d81eccee35c wp-block-post-title has-text-color has-black-900-color\"><a href=\"https:\/\/mediafocus.ch\/fr\/publication\/un-pic-pre-noel-stable-recul-nettement-plus-modere-que-lannee-precedente\/\" target=\"_self\" >Un pic pr\u00e9-No\u00ebl stable \u2013 recul nettement plus mod\u00e9r\u00e9 que l\u2019ann\u00e9e pr\u00e9c\u00e9dente<\/a><\/h6>\n\n\n<div style=\"height:1em;width:0px\" aria-hidden=\"true\" class=\"wp-block-spacer\"><\/div>\n<\/div>\n\n<\/li><li class=\"wp-block-post post-588150 wbk_post_entry type-wbk_post_entry status-publish format-standard hentry wbk_post_entry_category-tendance-du-marche-publicitaire wbk_post_entry_category-publications-fr\">\n\n<div class=\"wp-block-group boxpublikation has-white-000-background-color has-background is-layout-constrained wp-block-group-is-layout-constrained\"><div class=\"taxonomy-wbk_post_entry_category disabled-link wp-block-post-terms has-small-font-size\"><a href=\"https:\/\/mediafocus.ch\/wbk_post_entry_category\/tendance-du-marche-publicitaire\/\" rel=\"tag\">Tendance du march\u00e9 publicitaire<\/a><span class=\"wp-block-post-terms__separator\">, <\/span><a href=\"https:\/\/mediafocus.ch\/wbk_post_entry_category\/publications-fr\/\" rel=\"tag\">Media Focus Publications<\/a><\/div>\n\n\n<div style=\"height:0.5em;width:0px\" aria-hidden=\"true\" class=\"wp-block-spacer\"><\/div>\n\n\n<div class=\"date wp-block-post-date has-medium-font-size\"><time datetime=\"2025-11-26T19:15:08+01:00\">26. novembre 2025<\/time><\/div>\n\n<h6 style=\"font-size:17px;\" class=\"has-link-color posthover wp-elements-668afe38e325c4b2aa7e4d81eccee35c wp-block-post-title has-text-color has-black-900-color\"><a href=\"https:\/\/mediafocus.ch\/fr\/publication\/leger-recul-sur-le-marche-classique-le-numerique-reste-fort\/\" target=\"_self\" >L\u00e9ger recul sur le march\u00e9 classique \u2013 le num\u00e9rique reste fort<\/a><\/h6>\n\n\n<div style=\"height:1em;width:0px\" aria-hidden=\"true\" class=\"wp-block-spacer\"><\/div>\n<\/div>\n\n<\/li><li class=\"wp-block-post post-588151 wbk_post_entry type-wbk_post_entry status-publish format-standard hentry wbk_post_entry_category-tendance-du-marche-publicitaire wbk_post_entry_category-publications-fr\">\n\n<div class=\"wp-block-group boxpublikation has-white-000-background-color has-background is-layout-constrained wp-block-group-is-layout-constrained\"><div class=\"taxonomy-wbk_post_entry_category disabled-link wp-block-post-terms has-small-font-size\"><a href=\"https:\/\/mediafocus.ch\/wbk_post_entry_category\/tendance-du-marche-publicitaire\/\" rel=\"tag\">Tendance du march\u00e9 publicitaire<\/a><span class=\"wp-block-post-terms__separator\">, <\/span><a href=\"https:\/\/mediafocus.ch\/wbk_post_entry_category\/publications-fr\/\" rel=\"tag\">Media Focus Publications<\/a><\/div>\n\n\n<div style=\"height:0.5em;width:0px\" aria-hidden=\"true\" class=\"wp-block-spacer\"><\/div>\n\n\n<div class=\"date wp-block-post-date has-medium-font-size\"><time datetime=\"2025-10-23T13:11:05+02:00\">23. octobre 2025<\/time><\/div>\n\n<h6 style=\"font-size:17px;\" class=\"has-link-color posthover wp-elements-668afe38e325c4b2aa7e4d81eccee35c wp-block-post-title has-text-color has-black-900-color\"><a href=\"https:\/\/mediafocus.ch\/fr\/publication\/marche-publicitaire-en-septembre-a-nouveau-en-leger-recul-par-rapport-a-lan-dernier\/\" target=\"_self\" >March\u00e9 publicitaire en septembre \u00e0 nouveau en l\u00e9ger recul par rapport \u00e0 l\u2019an dernier<\/a><\/h6>\n\n\n<div style=\"height:1em;width:0px\" aria-hidden=\"true\" class=\"wp-block-spacer\"><\/div>\n<\/div>\n\n<\/li><li class=\"wp-block-post post-588152 wbk_post_entry type-wbk_post_entry status-publish format-standard hentry wbk_post_entry_category-werbemarkttrend-fr wbk_post_entry_category-publications-fr wbk_post_entry_category-tendance-du-marche-publicitaire\">\n\n<div class=\"wp-block-group boxpublikation has-white-000-background-color has-background is-layout-constrained wp-block-group-is-layout-constrained\"><div class=\"taxonomy-wbk_post_entry_category disabled-link wp-block-post-terms has-small-font-size\"><a href=\"https:\/\/mediafocus.ch\/wbk_post_entry_category\/werbemarkttrend-fr\/\" rel=\"tag\">Tendance de la marque<\/a><span class=\"wp-block-post-terms__separator\">, <\/span><a href=\"https:\/\/mediafocus.ch\/wbk_post_entry_category\/publications-fr\/\" rel=\"tag\">Media Focus Publications<\/a><span class=\"wp-block-post-terms__separator\">, <\/span><a href=\"https:\/\/mediafocus.ch\/wbk_post_entry_category\/tendance-du-marche-publicitaire\/\" rel=\"tag\">Tendance du march\u00e9 publicitaire<\/a><\/div>\n\n\n<div style=\"height:0.5em;width:0px\" aria-hidden=\"true\" class=\"wp-block-spacer\"><\/div>\n\n\n<div class=\"date wp-block-post-date has-medium-font-size\"><time datetime=\"2025-09-24T09:23:14+02:00\">24. septembre 2025<\/time><\/div>\n\n<h6 style=\"font-size:17px;\" class=\"has-link-color posthover wp-elements-668afe38e325c4b2aa7e4d81eccee35c wp-block-post-title has-text-color has-black-900-color\"><a href=\"https:\/\/mediafocus.ch\/fr\/publication\/levolution-positive-se-poursuit\/\" target=\"_self\" >L\u2019\u00e9volution positive se poursuit<\/a><\/h6>\n\n\n<div style=\"height:1em;width:0px\" aria-hidden=\"true\" class=\"wp-block-spacer\"><\/div>\n<\/div>\n\n<\/li><li class=\"wp-block-post post-588153 wbk_post_entry type-wbk_post_entry status-publish format-standard hentry wbk_post_entry_category-etudes\">\n\n<div class=\"wp-block-group boxpublikation has-white-000-background-color has-background is-layout-constrained wp-block-group-is-layout-constrained\"><div class=\"taxonomy-wbk_post_entry_category disabled-link wp-block-post-terms has-small-font-size\"><a href=\"https:\/\/mediafocus.ch\/wbk_post_entry_category\/etudes\/\" rel=\"tag\">Media Focus \u00c9tudes<\/a><\/div>\n\n\n<div style=\"height:0.5em;width:0px\" aria-hidden=\"true\" class=\"wp-block-spacer\"><\/div>\n\n\n<div class=\"date wp-block-post-date has-medium-font-size\"><time datetime=\"2025-09-10T09:35:41+02:00\">10. septembre 2025<\/time><\/div>\n\n<h6 style=\"font-size:17px;\" class=\"has-link-color posthover wp-elements-668afe38e325c4b2aa7e4d81eccee35c wp-block-post-title has-text-color has-black-900-color\"><a href=\"https:\/\/mediafocus.ch\/fr\/publication\/marche-publicitaire-d-a-c-h-s1-2025\/\" target=\"_self\" >March\u00e9 publicitaire D-A-C-H S1 2025<\/a><\/h6>\n\n\n<div style=\"height:1em;width:0px\" aria-hidden=\"true\" class=\"wp-block-spacer\"><\/div>\n<\/div>\n\n<\/li><li class=\"wp-block-post post-588154 wbk_post_entry type-wbk_post_entry status-publish format-standard hentry wbk_post_entry_category-publications-fr wbk_post_entry_category-tendance-du-marche-publicitaire\">\n\n<div class=\"wp-block-group boxpublikation has-white-000-background-color has-background is-layout-constrained wp-block-group-is-layout-constrained\"><div class=\"taxonomy-wbk_post_entry_category disabled-link wp-block-post-terms has-small-font-size\"><a href=\"https:\/\/mediafocus.ch\/wbk_post_entry_category\/publications-fr\/\" rel=\"tag\">Media Focus Publications<\/a><span class=\"wp-block-post-terms__separator\">, <\/span><a href=\"https:\/\/mediafocus.ch\/wbk_post_entry_category\/tendance-du-marche-publicitaire\/\" rel=\"tag\">Tendance du march\u00e9 publicitaire<\/a><\/div>\n\n\n<div style=\"height:0.5em;width:0px\" aria-hidden=\"true\" class=\"wp-block-spacer\"><\/div>\n\n\n<div class=\"date wp-block-post-date has-medium-font-size\"><time datetime=\"2025-08-25T07:24:32+02:00\">25. ao\u00fbt 2025<\/time><\/div>\n\n<h6 style=\"font-size:17px;\" class=\"has-link-color posthover wp-elements-668afe38e325c4b2aa7e4d81eccee35c wp-block-post-title has-text-color has-black-900-color\"><a href=\"https:\/\/mediafocus.ch\/fr\/publication\/legere-reprise-pour-le-debut-des-vacances\/\" target=\"_self\" >L\u00e9g\u00e8re reprise pour le d\u00e9but des vacances<\/a><\/h6>\n\n\n<div style=\"height:1em;width:0px\" aria-hidden=\"true\" class=\"wp-block-spacer\"><\/div>\n<\/div>\n\n<\/li><li class=\"wp-block-post post-588155 wbk_post_entry type-wbk_post_entry status-publish format-standard hentry wbk_post_entry_category-werbemarkttrend-fr wbk_post_entry_category-publications-fr\">\n\n<div class=\"wp-block-group boxpublikation has-white-000-background-color has-background is-layout-constrained wp-block-group-is-layout-constrained\"><div class=\"taxonomy-wbk_post_entry_category disabled-link wp-block-post-terms has-small-font-size\"><a href=\"https:\/\/mediafocus.ch\/wbk_post_entry_category\/werbemarkttrend-fr\/\" rel=\"tag\">Tendance de la marque<\/a><span class=\"wp-block-post-terms__separator\">, <\/span><a href=\"https:\/\/mediafocus.ch\/wbk_post_entry_category\/publications-fr\/\" rel=\"tag\">Media Focus Publications<\/a><\/div>\n\n\n<div style=\"height:0.5em;width:0px\" aria-hidden=\"true\" class=\"wp-block-spacer\"><\/div>\n\n\n<div class=\"date wp-block-post-date has-medium-font-size\"><time datetime=\"2025-07-23T11:35:18+02:00\">23. juillet 2025<\/time><\/div>\n\n<h6 style=\"font-size:17px;\" class=\"has-link-color posthover wp-elements-668afe38e325c4b2aa7e4d81eccee35c wp-block-post-title has-text-color has-black-900-color\"><a href=\"https:\/\/mediafocus.ch\/fr\/publication\/bilan-du-premier-semestre-un-debut-dannee-2025-timide\/\" target=\"_self\" >Bilan du premier semestre: un d\u00e9but d\u2019ann\u00e9e\u00a02025 timide<\/a><\/h6>\n\n\n<div style=\"height:1em;width:0px\" aria-hidden=\"true\" class=\"wp-block-spacer\"><\/div>\n<\/div>\n\n<\/li><li class=\"wp-block-post post-588156 wbk_post_entry type-wbk_post_entry status-publish format-standard hentry wbk_post_entry_category-tendance-du-marche-publicitaire wbk_post_entry_category-publications-fr\">\n\n<div class=\"wp-block-group boxpublikation has-white-000-background-color has-background is-layout-constrained wp-block-group-is-layout-constrained\"><div class=\"taxonomy-wbk_post_entry_category disabled-link wp-block-post-terms has-small-font-size\"><a href=\"https:\/\/mediafocus.ch\/wbk_post_entry_category\/tendance-du-marche-publicitaire\/\" rel=\"tag\">Tendance du march\u00e9 publicitaire<\/a><span class=\"wp-block-post-terms__separator\">, <\/span><a href=\"https:\/\/mediafocus.ch\/wbk_post_entry_category\/publications-fr\/\" rel=\"tag\">Media Focus Publications<\/a><\/div>\n\n\n<div style=\"height:0.5em;width:0px\" aria-hidden=\"true\" class=\"wp-block-spacer\"><\/div>\n\n\n<div class=\"date wp-block-post-date has-medium-font-size\"><time datetime=\"2025-06-19T08:30:25+02:00\">19. juin 2025<\/time><\/div>\n\n<h6 style=\"font-size:17px;\" class=\"has-link-color posthover wp-elements-668afe38e325c4b2aa7e4d81eccee35c wp-block-post-title has-text-color has-black-900-color\"><a href=\"https:\/\/mediafocus.ch\/fr\/publication\/le-commerce-de-detail-a-nouveau-en-hausse\/\" target=\"_self\" >Le commerce de d\u00e9tail \u00e0 nouveau en hausse<\/a><\/h6>\n\n\n<div style=\"height:1em;width:0px\" aria-hidden=\"true\" class=\"wp-block-spacer\"><\/div>\n<\/div>\n\n<\/li><li class=\"wp-block-post post-588157 wbk_post_entry type-wbk_post_entry status-publish format-standard hentry wbk_post_entry_category-tendance-du-marche-publicitaire wbk_post_entry_category-publications-fr\">\n\n<div class=\"wp-block-group boxpublikation has-white-000-background-color has-background is-layout-constrained wp-block-group-is-layout-constrained\"><div class=\"taxonomy-wbk_post_entry_category disabled-link wp-block-post-terms has-small-font-size\"><a href=\"https:\/\/mediafocus.ch\/wbk_post_entry_category\/tendance-du-marche-publicitaire\/\" rel=\"tag\">Tendance du march\u00e9 publicitaire<\/a><span class=\"wp-block-post-terms__separator\">, <\/span><a href=\"https:\/\/mediafocus.ch\/wbk_post_entry_category\/publications-fr\/\" rel=\"tag\">Media Focus Publications<\/a><\/div>\n\n\n<div style=\"height:0.5em;width:0px\" aria-hidden=\"true\" class=\"wp-block-spacer\"><\/div>\n\n\n<div class=\"date wp-block-post-date has-medium-font-size\"><time datetime=\"2025-05-20T11:42:50+02:00\">20. mai 2025<\/time><\/div>\n\n<h6 style=\"font-size:17px;\" class=\"has-link-color posthover wp-elements-668afe38e325c4b2aa7e4d81eccee35c wp-block-post-title has-text-color has-black-900-color\"><a href=\"https:\/\/mediafocus.ch\/fr\/publication\/la-tendance-negative-se-poursuit\/\" target=\"_self\" >La tendance n\u00e9gative se poursuit<\/a><\/h6>\n\n\n<div style=\"height:1em;width:0px\" aria-hidden=\"true\" class=\"wp-block-spacer\"><\/div>\n<\/div>\n\n<\/li><li class=\"wp-block-post post-588158 wbk_post_entry type-wbk_post_entry status-publish format-standard hentry wbk_post_entry_category-tendance-du-marche-publicitaire wbk_post_entry_category-publications-fr\">\n\n<div class=\"wp-block-group boxpublikation has-white-000-background-color has-background is-layout-constrained wp-block-group-is-layout-constrained\"><div class=\"taxonomy-wbk_post_entry_category disabled-link wp-block-post-terms has-small-font-size\"><a href=\"https:\/\/mediafocus.ch\/wbk_post_entry_category\/tendance-du-marche-publicitaire\/\" rel=\"tag\">Tendance du march\u00e9 publicitaire<\/a><span class=\"wp-block-post-terms__separator\">, <\/span><a href=\"https:\/\/mediafocus.ch\/wbk_post_entry_category\/publications-fr\/\" rel=\"tag\">Media Focus Publications<\/a><\/div>\n\n\n<div style=\"height:0.5em;width:0px\" aria-hidden=\"true\" class=\"wp-block-spacer\"><\/div>\n\n\n<div class=\"date wp-block-post-date has-medium-font-size\"><time datetime=\"2025-04-17T08:21:13+02:00\">17. avril 2025<\/time><\/div>\n\n<h6 style=\"font-size:17px;\" class=\"has-link-color posthover wp-elements-668afe38e325c4b2aa7e4d81eccee35c wp-block-post-title has-text-color has-black-900-color\"><a href=\"https:\/\/mediafocus.ch\/fr\/publication\/tendance-negative-pour-tous-les-groupes-de-medias-traditionnels\/\" target=\"_self\" >Tendance n\u00e9gative pour tous les groupes de m\u00e9dias traditionnels<\/a><\/h6>\n\n\n<div style=\"height:1em;width:0px\" aria-hidden=\"true\" class=\"wp-block-spacer\"><\/div>\n<\/div>\n\n<\/li><li class=\"wp-block-post post-588159 wbk_post_entry type-wbk_post_entry status-publish format-standard hentry wbk_post_entry_category-tendance-du-marche-publicitaire wbk_post_entry_category-publications-fr\">\n\n<div class=\"wp-block-group boxpublikation has-white-000-background-color has-background is-layout-constrained wp-block-group-is-layout-constrained\"><div class=\"taxonomy-wbk_post_entry_category disabled-link wp-block-post-terms has-small-font-size\"><a href=\"https:\/\/mediafocus.ch\/wbk_post_entry_category\/tendance-du-marche-publicitaire\/\" rel=\"tag\">Tendance du march\u00e9 publicitaire<\/a><span class=\"wp-block-post-terms__separator\">, <\/span><a href=\"https:\/\/mediafocus.ch\/wbk_post_entry_category\/publications-fr\/\" rel=\"tag\">Media Focus Publications<\/a><\/div>\n\n\n<div style=\"height:0.5em;width:0px\" aria-hidden=\"true\" class=\"wp-block-spacer\"><\/div>\n\n\n<div class=\"date wp-block-post-date has-medium-font-size\"><time datetime=\"2025-03-25T10:19:17+01:00\">25. mars 2025<\/time><\/div>\n\n<h6 style=\"font-size:17px;\" class=\"has-link-color posthover wp-elements-668afe38e325c4b2aa7e4d81eccee35c wp-block-post-title has-text-color has-black-900-color\"><a href=\"https:\/\/mediafocus.ch\/fr\/publication\/lout-of-home-toujours-en-pleine-forme\/\" target=\"_self\" >L\u2019Out-of-Home toujours en pleine forme<\/a><\/h6>\n\n\n<div style=\"height:1em;width:0px\" aria-hidden=\"true\" class=\"wp-block-spacer\"><\/div>\n<\/div>\n\n<\/li><li class=\"wp-block-post post-588160 wbk_post_entry type-wbk_post_entry status-publish format-standard hentry wbk_post_entry_category-tendance-du-marche-publicitaire wbk_post_entry_category-publications-fr\">\n\n<div class=\"wp-block-group boxpublikation has-white-000-background-color has-background is-layout-constrained wp-block-group-is-layout-constrained\"><div class=\"taxonomy-wbk_post_entry_category disabled-link wp-block-post-terms has-small-font-size\"><a href=\"https:\/\/mediafocus.ch\/wbk_post_entry_category\/tendance-du-marche-publicitaire\/\" rel=\"tag\">Tendance du march\u00e9 publicitaire<\/a><span class=\"wp-block-post-terms__separator\">, <\/span><a href=\"https:\/\/mediafocus.ch\/wbk_post_entry_category\/publications-fr\/\" rel=\"tag\">Media Focus Publications<\/a><\/div>\n\n\n<div style=\"height:0.5em;width:0px\" aria-hidden=\"true\" class=\"wp-block-spacer\"><\/div>\n\n\n<div class=\"date wp-block-post-date has-medium-font-size\"><time datetime=\"2025-02-24T09:24:11+01:00\">24. f\u00e9vrier 2025<\/time><\/div>\n\n<h6 style=\"font-size:17px;\" class=\"has-link-color posthover wp-elements-668afe38e325c4b2aa7e4d81eccee35c wp-block-post-title has-text-color has-black-900-color\"><a href=\"https:\/\/mediafocus.ch\/fr\/publication\/un-debut-dannee-au-ralenti-seuls-lout-of-home-et-le-cinema-resistent-au-recul-du-marche-publicitaire\/\" target=\"_self\" >Un d\u00e9but d\u2019ann\u00e9e au ralenti: seuls l\u2019Out-of-Home et le Cin\u00e9ma r\u00e9sistent au recul du march\u00e9 publicitaire<\/a><\/h6>\n\n\n<div style=\"height:1em;width:0px\" aria-hidden=\"true\" class=\"wp-block-spacer\"><\/div>\n<\/div>\n\n<\/li><li class=\"wp-block-post post-588161 wbk_post_entry type-wbk_post_entry status-publish format-standard hentry wbk_post_entry_category-etudes\">\n\n<div class=\"wp-block-group boxpublikation has-white-000-background-color has-background is-layout-constrained wp-block-group-is-layout-constrained\"><div class=\"taxonomy-wbk_post_entry_category disabled-link wp-block-post-terms has-small-font-size\"><a href=\"https:\/\/mediafocus.ch\/wbk_post_entry_category\/etudes\/\" rel=\"tag\">Media Focus \u00c9tudes<\/a><\/div>\n\n\n<div style=\"height:0.5em;width:0px\" aria-hidden=\"true\" class=\"wp-block-spacer\"><\/div>\n\n\n<div class=\"date wp-block-post-date has-medium-font-size\"><time datetime=\"2025-02-11T12:41:26+01:00\">11. f\u00e9vrier 2025<\/time><\/div>\n\n<h6 style=\"font-size:17px;\" class=\"has-link-color posthover wp-elements-668afe38e325c4b2aa7e4d81eccee35c wp-block-post-title has-text-color has-black-900-color\"><a href=\"https:\/\/mediafocus.ch\/fr\/publication\/marche-publicitaire-d-a-ch-2024\/\" target=\"_self\" >March\u00e9 publicitaire D-A-CH 2024<\/a><\/h6>\n\n\n<div style=\"height:1em;width:0px\" aria-hidden=\"true\" class=\"wp-block-spacer\"><\/div>\n<\/div>\n\n<\/li><li class=\"wp-block-post post-588162 wbk_post_entry type-wbk_post_entry status-publish format-standard hentry wbk_post_entry_category-tendance-du-marche-publicitaire wbk_post_entry_category-etudes\">\n\n<div class=\"wp-block-group boxpublikation has-white-000-background-color has-background is-layout-constrained wp-block-group-is-layout-constrained\"><div class=\"taxonomy-wbk_post_entry_category disabled-link wp-block-post-terms has-small-font-size\"><a href=\"https:\/\/mediafocus.ch\/wbk_post_entry_category\/tendance-du-marche-publicitaire\/\" rel=\"tag\">Tendance du march\u00e9 publicitaire<\/a><span class=\"wp-block-post-terms__separator\">, <\/span><a href=\"https:\/\/mediafocus.ch\/wbk_post_entry_category\/etudes\/\" rel=\"tag\">Media Focus \u00c9tudes<\/a><\/div>\n\n\n<div style=\"height:0.5em;width:0px\" aria-hidden=\"true\" class=\"wp-block-spacer\"><\/div>\n\n\n<div class=\"date wp-block-post-date has-medium-font-size\"><time datetime=\"2025-02-11T12:40:49+01:00\">11. f\u00e9vrier 2025<\/time><\/div>\n\n<h6 style=\"font-size:17px;\" class=\"has-link-color posthover wp-elements-668afe38e325c4b2aa7e4d81eccee35c wp-block-post-title has-text-color has-black-900-color\"><a href=\"https:\/\/mediafocus.ch\/fr\/publication\/tendances-des-marques-suisse-2024\/\" target=\"_self\" >Tendances des marques Suisse 2024<\/a><\/h6>\n\n\n<div style=\"height:1em;width:0px\" aria-hidden=\"true\" class=\"wp-block-spacer\"><\/div>\n<\/div>\n\n<\/li><li class=\"wp-block-post post-588163 wbk_post_entry type-wbk_post_entry status-publish format-standard hentry wbk_post_entry_category-tendance-du-marche-publicitaire wbk_post_entry_category-publications-fr\">\n\n<div class=\"wp-block-group boxpublikation has-white-000-background-color has-background is-layout-constrained wp-block-group-is-layout-constrained\"><div class=\"taxonomy-wbk_post_entry_category disabled-link wp-block-post-terms has-small-font-size\"><a href=\"https:\/\/mediafocus.ch\/wbk_post_entry_category\/tendance-du-marche-publicitaire\/\" rel=\"tag\">Tendance du march\u00e9 publicitaire<\/a><span class=\"wp-block-post-terms__separator\">, <\/span><a href=\"https:\/\/mediafocus.ch\/wbk_post_entry_category\/publications-fr\/\" rel=\"tag\">Media Focus Publications<\/a><\/div>\n\n\n<div style=\"height:0.5em;width:0px\" aria-hidden=\"true\" class=\"wp-block-spacer\"><\/div>\n\n\n<div class=\"date wp-block-post-date has-medium-font-size\"><time datetime=\"2025-01-29T07:14:11+01:00\">29. janvier 2025<\/time><\/div>\n\n<h6 style=\"font-size:17px;\" class=\"has-link-color posthover wp-elements-668afe38e325c4b2aa7e4d81eccee35c wp-block-post-title has-text-color has-black-900-color\"><a href=\"https:\/\/mediafocus.ch\/fr\/publication\/resume-annuel-2024\/\" target=\"_self\" >R\u00e9sum\u00e9 annuel\u00a02024<\/a><\/h6>\n\n\n<div style=\"height:1em;width:0px\" aria-hidden=\"true\" class=\"wp-block-spacer\"><\/div>\n<\/div>\n\n<\/li><li class=\"wp-block-post post-588164 wbk_post_entry type-wbk_post_entry status-publish format-standard hentry wbk_post_entry_category-tendance-du-marche-publicitaire wbk_post_entry_category-publications-fr\">\n\n<div class=\"wp-block-group boxpublikation has-white-000-background-color has-background is-layout-constrained wp-block-group-is-layout-constrained\"><div class=\"taxonomy-wbk_post_entry_category disabled-link wp-block-post-terms has-small-font-size\"><a href=\"https:\/\/mediafocus.ch\/wbk_post_entry_category\/tendance-du-marche-publicitaire\/\" rel=\"tag\">Tendance du march\u00e9 publicitaire<\/a><span class=\"wp-block-post-terms__separator\">, <\/span><a href=\"https:\/\/mediafocus.ch\/wbk_post_entry_category\/publications-fr\/\" rel=\"tag\">Media Focus Publications<\/a><\/div>\n\n\n<div style=\"height:0.5em;width:0px\" aria-hidden=\"true\" class=\"wp-block-spacer\"><\/div>\n\n\n<div class=\"date wp-block-post-date has-medium-font-size\"><time datetime=\"2025-01-29T07:13:17+01:00\">29. janvier 2025<\/time><\/div>\n\n<h6 style=\"font-size:17px;\" class=\"has-link-color posthover wp-elements-668afe38e325c4b2aa7e4d81eccee35c wp-block-post-title has-text-color has-black-900-color\"><a href=\"https:\/\/mediafocus.ch\/fr\/publication\/decembre-nettement-en-deca-de-lannee-precedente\/\" target=\"_self\" >D\u00e9cembre nettement en de\u00e7\u00e0 de l\u2019ann\u00e9e pr\u00e9c\u00e9dente<\/a><\/h6>\n\n\n<div style=\"height:1em;width:0px\" aria-hidden=\"true\" class=\"wp-block-spacer\"><\/div>\n<\/div>\n\n<\/li><li class=\"wp-block-post post-588165 wbk_post_entry type-wbk_post_entry status-publish format-standard hentry wbk_post_entry_category-publications-fr wbk_post_entry_category-tendance-du-marche-publicitaire\">\n\n<div class=\"wp-block-group boxpublikation has-white-000-background-color has-background is-layout-constrained wp-block-group-is-layout-constrained\"><div class=\"taxonomy-wbk_post_entry_category disabled-link wp-block-post-terms has-small-font-size\"><a href=\"https:\/\/mediafocus.ch\/wbk_post_entry_category\/publications-fr\/\" rel=\"tag\">Media Focus Publications<\/a><span class=\"wp-block-post-terms__separator\">, <\/span><a href=\"https:\/\/mediafocus.ch\/wbk_post_entry_category\/tendance-du-marche-publicitaire\/\" rel=\"tag\">Tendance du march\u00e9 publicitaire<\/a><\/div>\n\n\n<div style=\"height:0.5em;width:0px\" aria-hidden=\"true\" class=\"wp-block-spacer\"><\/div>\n\n\n<div class=\"date wp-block-post-date has-medium-font-size\"><time datetime=\"2024-12-27T07:19:58+01:00\">27. d\u00e9cembre 2024<\/time><\/div>\n\n<h6 style=\"font-size:17px;\" class=\"has-link-color posthover wp-elements-668afe38e325c4b2aa7e4d81eccee35c wp-block-post-title has-text-color has-black-900-color\"><a href=\"https:\/\/mediafocus.ch\/fr\/publication\/pression-publicitaire-au-plus-haut-a-noel-mais-inferieure-a-lannee-precedente\/\" target=\"_self\" >Pression publicitaire au plus haut \u00e0 No\u00ebl, mais inf\u00e9rieure \u00e0 l\u2019ann\u00e9e pr\u00e9c\u00e9dente<\/a><\/h6>\n\n\n<div style=\"height:1em;width:0px\" aria-hidden=\"true\" class=\"wp-block-spacer\"><\/div>\n<\/div>\n\n<\/li><li class=\"wp-block-post post-588166 wbk_post_entry type-wbk_post_entry status-publish format-standard hentry wbk_post_entry_category-publications-fr wbk_post_entry_category-tendance-du-marche-publicitaire\">\n\n<div class=\"wp-block-group boxpublikation has-white-000-background-color has-background is-layout-constrained wp-block-group-is-layout-constrained\"><div class=\"taxonomy-wbk_post_entry_category disabled-link wp-block-post-terms has-small-font-size\"><a href=\"https:\/\/mediafocus.ch\/wbk_post_entry_category\/publications-fr\/\" rel=\"tag\">Media Focus Publications<\/a><span class=\"wp-block-post-terms__separator\">, <\/span><a href=\"https:\/\/mediafocus.ch\/wbk_post_entry_category\/tendance-du-marche-publicitaire\/\" rel=\"tag\">Tendance du march\u00e9 publicitaire<\/a><\/div>\n\n\n<div style=\"height:0.5em;width:0px\" aria-hidden=\"true\" class=\"wp-block-spacer\"><\/div>\n\n\n<div class=\"date wp-block-post-date has-medium-font-size\"><time datetime=\"2024-10-28T16:04:15+01:00\">28. octobre 2024<\/time><\/div>\n\n<h6 style=\"font-size:17px;\" class=\"has-link-color posthover wp-elements-668afe38e325c4b2aa7e4d81eccee35c wp-block-post-title has-text-color has-black-900-color\"><a href=\"https:\/\/mediafocus.ch\/fr\/publication\/valeur-maximale-atteinte-cette-annee-en-septembre\/\" target=\"_self\" >Valeur maximale atteinte cette ann\u00e9e en septembre<\/a><\/h6>\n\n\n<div style=\"height:1em;width:0px\" aria-hidden=\"true\" class=\"wp-block-spacer\"><\/div>\n<\/div>\n\n<\/li><li class=\"wp-block-post post-588167 wbk_post_entry type-wbk_post_entry status-publish format-standard hentry wbk_post_entry_category-publications-fr wbk_post_entry_category-tendance-du-marche-publicitaire\">\n\n<div class=\"wp-block-group boxpublikation has-white-000-background-color has-background is-layout-constrained wp-block-group-is-layout-constrained\"><div class=\"taxonomy-wbk_post_entry_category disabled-link wp-block-post-terms has-small-font-size\"><a href=\"https:\/\/mediafocus.ch\/wbk_post_entry_category\/publications-fr\/\" rel=\"tag\">Media Focus Publications<\/a><span class=\"wp-block-post-terms__separator\">, <\/span><a href=\"https:\/\/mediafocus.ch\/wbk_post_entry_category\/tendance-du-marche-publicitaire\/\" rel=\"tag\">Tendance du march\u00e9 publicitaire<\/a><\/div>\n\n\n<div style=\"height:0.5em;width:0px\" aria-hidden=\"true\" class=\"wp-block-spacer\"><\/div>\n\n\n<div class=\"date wp-block-post-date has-medium-font-size\"><time datetime=\"2024-09-25T11:18:22+02:00\">25. septembre 2024<\/time><\/div>\n\n<h6 style=\"font-size:17px;\" class=\"has-link-color posthover wp-elements-668afe38e325c4b2aa7e4d81eccee35c wp-block-post-title has-text-color has-black-900-color\"><a href=\"https:\/\/mediafocus.ch\/fr\/publication\/le-marche-publicitaire-accuse-un-retard-par-rapport-a-lannee-precedente\/\" target=\"_self\" >Le march\u00e9 publicitaire accuse un retard par rapport \u00e0 l\u2019ann\u00e9e pr\u00e9c\u00e9dente<\/a><\/h6>\n\n\n<div style=\"height:1em;width:0px\" aria-hidden=\"true\" class=\"wp-block-spacer\"><\/div>\n<\/div>\n\n<\/li><li class=\"wp-block-post post-588168 wbk_post_entry type-wbk_post_entry status-publish format-standard hentry wbk_post_entry_category-publications wbk_post_entry_category-tendance-de-la-marque\">\n\n<div class=\"wp-block-group boxpublikation has-white-000-background-color has-background is-layout-constrained wp-block-group-is-layout-constrained\"><div class=\"taxonomy-wbk_post_entry_category disabled-link wp-block-post-terms has-small-font-size\"><a href=\"https:\/\/mediafocus.ch\/wbk_post_entry_category\/publications\/\" rel=\"tag\">Media Focus Publications<\/a><span class=\"wp-block-post-terms__separator\">, <\/span><a href=\"https:\/\/mediafocus.ch\/wbk_post_entry_category\/tendance-de-la-marque\/\" rel=\"tag\">Tendance de la marque<\/a><\/div>\n\n\n<div style=\"height:0.5em;width:0px\" aria-hidden=\"true\" class=\"wp-block-spacer\"><\/div>\n\n\n<div class=\"date wp-block-post-date has-medium-font-size\"><time datetime=\"2024-08-29T12:00:00+02:00\">29. ao\u00fbt 2024<\/time><\/div>\n\n<h6 style=\"font-size:17px;\" class=\"has-link-color posthover wp-elements-668afe38e325c4b2aa7e4d81eccee35c wp-block-post-title has-text-color has-black-900-color\"><a href=\"https:\/\/mediafocus.ch\/fr\/publication\/tendances-des-marques-suisse-s1-2024\/\" target=\"_self\" >Tendances des marques Suisse S1 2024<\/a><\/h6>\n\n\n<div style=\"height:1em;width:0px\" aria-hidden=\"true\" class=\"wp-block-spacer\"><\/div>\n<\/div>\n\n<\/li><li class=\"wp-block-post post-588169 wbk_post_entry type-wbk_post_entry status-publish format-standard hentry wbk_post_entry_category-tendance-du-marche-publicitaire wbk_post_entry_category-publications\">\n\n<div class=\"wp-block-group boxpublikation has-white-000-background-color has-background is-layout-constrained wp-block-group-is-layout-constrained\"><div class=\"taxonomy-wbk_post_entry_category disabled-link wp-block-post-terms has-small-font-size\"><a href=\"https:\/\/mediafocus.ch\/wbk_post_entry_category\/tendance-du-marche-publicitaire\/\" rel=\"tag\">Tendance du march\u00e9 publicitaire<\/a><span class=\"wp-block-post-terms__separator\">, <\/span><a href=\"https:\/\/mediafocus.ch\/wbk_post_entry_category\/publications\/\" rel=\"tag\">Media Focus Publications<\/a><\/div>\n\n\n<div style=\"height:0.5em;width:0px\" aria-hidden=\"true\" class=\"wp-block-spacer\"><\/div>\n\n\n<div class=\"date wp-block-post-date has-medium-font-size\"><time datetime=\"2024-08-21T09:30:42+02:00\">21. ao\u00fbt 2024<\/time><\/div>\n\n<h6 style=\"font-size:17px;\" class=\"has-link-color posthover wp-elements-668afe38e325c4b2aa7e4d81eccee35c wp-block-post-title has-text-color has-black-900-color\"><a href=\"https:\/\/mediafocus.ch\/fr\/publication\/la-pause-dete-du-marche-publicitaire-en-ce-mois-de-juillet\/\" target=\"_self\" >La pause d`\u00e9t\u00e9 du march\u00e9 publicitaire en ce mois de juillet<\/a><\/h6>\n\n\n<div style=\"height:1em;width:0px\" aria-hidden=\"true\" class=\"wp-block-spacer\"><\/div>\n<\/div>\n\n<\/li><li class=\"wp-block-post post-588170 wbk_post_entry type-wbk_post_entry status-publish format-standard hentry wbk_post_entry_category-etudes\">\n\n<div class=\"wp-block-group boxpublikation has-white-000-background-color has-background is-layout-constrained wp-block-group-is-layout-constrained\"><div class=\"taxonomy-wbk_post_entry_category disabled-link wp-block-post-terms has-small-font-size\"><a href=\"https:\/\/mediafocus.ch\/wbk_post_entry_category\/etudes\/\" rel=\"tag\">Media Focus \u00c9tudes<\/a><\/div>\n\n\n<div style=\"height:0.5em;width:0px\" aria-hidden=\"true\" class=\"wp-block-spacer\"><\/div>\n\n\n<div class=\"date wp-block-post-date has-medium-font-size\"><time datetime=\"2024-08-16T07:30:56+02:00\">16. ao\u00fbt 2024<\/time><\/div>\n\n<h6 style=\"font-size:17px;\" class=\"has-link-color posthover wp-elements-668afe38e325c4b2aa7e4d81eccee35c wp-block-post-title has-text-color has-black-900-color\"><a href=\"https:\/\/mediafocus.ch\/fr\/publication\/tendance-des-marques-h1-2024-de-media-focus\/\" target=\"_self\" >Tendance des marques H1 2024 de Media Focus<\/a><\/h6>\n\n\n<div style=\"height:1em;width:0px\" aria-hidden=\"true\" class=\"wp-block-spacer\"><\/div>\n<\/div>\n\n<\/li><li class=\"wp-block-post post-588171 wbk_post_entry type-wbk_post_entry status-publish format-standard hentry wbk_post_entry_category-publications wbk_post_entry_category-tendance-du-marche-publicitaire\">\n\n<div class=\"wp-block-group boxpublikation has-white-000-background-color has-background is-layout-constrained wp-block-group-is-layout-constrained\"><div class=\"taxonomy-wbk_post_entry_category disabled-link wp-block-post-terms has-small-font-size\"><a href=\"https:\/\/mediafocus.ch\/wbk_post_entry_category\/publications\/\" rel=\"tag\">Media Focus Publications<\/a><span class=\"wp-block-post-terms__separator\">, <\/span><a href=\"https:\/\/mediafocus.ch\/wbk_post_entry_category\/tendance-du-marche-publicitaire\/\" rel=\"tag\">Tendance du march\u00e9 publicitaire<\/a><\/div>\n\n\n<div style=\"height:0.5em;width:0px\" aria-hidden=\"true\" class=\"wp-block-spacer\"><\/div>\n\n\n<div class=\"date wp-block-post-date has-medium-font-size\"><time datetime=\"2024-07-25T16:30:43+02:00\">25. juillet 2024<\/time><\/div>\n\n<h6 style=\"font-size:17px;\" class=\"has-link-color posthover wp-elements-668afe38e325c4b2aa7e4d81eccee35c wp-block-post-title has-text-color has-black-900-color\"><a href=\"https:\/\/mediafocus.ch\/fr\/publication\/un-leger-recul-de-la-pression-publicitaire-en-juin\/\" target=\"_self\" >Un l\u00e9ger recul de la pression publicitaire en juin<\/a><\/h6>\n\n\n<div style=\"height:1em;width:0px\" aria-hidden=\"true\" class=\"wp-block-spacer\"><\/div>\n<\/div>\n\n<\/li><li class=\"wp-block-post post-588172 wbk_post_entry type-wbk_post_entry status-publish format-standard hentry wbk_post_entry_category-publications wbk_post_entry_category-tendance-du-marche-publicitaire\">\n\n<div class=\"wp-block-group boxpublikation has-white-000-background-color has-background is-layout-constrained wp-block-group-is-layout-constrained\"><div class=\"taxonomy-wbk_post_entry_category disabled-link wp-block-post-terms has-small-font-size\"><a href=\"https:\/\/mediafocus.ch\/wbk_post_entry_category\/publications\/\" rel=\"tag\">Media Focus Publications<\/a><span class=\"wp-block-post-terms__separator\">, <\/span><a href=\"https:\/\/mediafocus.ch\/wbk_post_entry_category\/tendance-du-marche-publicitaire\/\" rel=\"tag\">Tendance du march\u00e9 publicitaire<\/a><\/div>\n\n\n<div style=\"height:0.5em;width:0px\" aria-hidden=\"true\" class=\"wp-block-spacer\"><\/div>\n\n\n<div class=\"date wp-block-post-date has-medium-font-size\"><time datetime=\"2024-06-27T17:12:31+02:00\">27. juin 2024<\/time><\/div>\n\n<h6 style=\"font-size:17px;\" class=\"has-link-color posthover wp-elements-668afe38e325c4b2aa7e4d81eccee35c wp-block-post-title has-text-color has-black-900-color\"><a href=\"https:\/\/mediafocus.ch\/fr\/publication\/legere-hausse-de-la-pression-publicitaire-en-mai-par-rapport-au-mois-precedent\/\" target=\"_self\" >L\u00e9g\u00e8re hausse de la pression publicitaire en mai par rapport au mois pr\u00e9c\u00e9dent<\/a><\/h6>\n\n\n<div style=\"height:1em;width:0px\" aria-hidden=\"true\" class=\"wp-block-spacer\"><\/div>\n<\/div>\n\n<\/li><li class=\"wp-block-post post-588173 wbk_post_entry type-wbk_post_entry status-publish format-standard hentry wbk_post_entry_category-publications wbk_post_entry_category-tendance-du-marche-publicitaire\">\n\n<div class=\"wp-block-group boxpublikation has-white-000-background-color has-background is-layout-constrained wp-block-group-is-layout-constrained\"><div class=\"taxonomy-wbk_post_entry_category disabled-link wp-block-post-terms has-small-font-size\"><a href=\"https:\/\/mediafocus.ch\/wbk_post_entry_category\/publications\/\" rel=\"tag\">Media Focus Publications<\/a><span class=\"wp-block-post-terms__separator\">, <\/span><a href=\"https:\/\/mediafocus.ch\/wbk_post_entry_category\/tendance-du-marche-publicitaire\/\" rel=\"tag\">Tendance du march\u00e9 publicitaire<\/a><\/div>\n\n\n<div style=\"height:0.5em;width:0px\" aria-hidden=\"true\" class=\"wp-block-spacer\"><\/div>\n\n\n<div class=\"date wp-block-post-date has-medium-font-size\"><time datetime=\"2024-05-22T15:21:59+02:00\">22. mai 2024<\/time><\/div>\n\n<h6 style=\"font-size:17px;\" class=\"has-link-color posthover wp-elements-668afe38e325c4b2aa7e4d81eccee35c wp-block-post-title has-text-color has-black-900-color\"><a href=\"https:\/\/mediafocus.ch\/fr\/publication\/le-mois-davril-superieur-au-niveau-de-lannee-precedente\/\" target=\"_self\" >Le mois d&rsquo;avril sup\u00e9rieur au niveau de l&rsquo;ann\u00e9e pr\u00e9c\u00e9dente<\/a><\/h6>\n\n\n<div style=\"height:1em;width:0px\" aria-hidden=\"true\" class=\"wp-block-spacer\"><\/div>\n<\/div>\n\n<\/li><li class=\"wp-block-post post-588174 wbk_post_entry type-wbk_post_entry status-publish format-standard hentry wbk_post_entry_category-publications wbk_post_entry_category-tendance-du-marche-publicitaire\">\n\n<div class=\"wp-block-group boxpublikation has-white-000-background-color has-background is-layout-constrained wp-block-group-is-layout-constrained\"><div class=\"taxonomy-wbk_post_entry_category disabled-link wp-block-post-terms has-small-font-size\"><a href=\"https:\/\/mediafocus.ch\/wbk_post_entry_category\/publications\/\" rel=\"tag\">Media Focus Publications<\/a><span class=\"wp-block-post-terms__separator\">, <\/span><a href=\"https:\/\/mediafocus.ch\/wbk_post_entry_category\/tendance-du-marche-publicitaire\/\" rel=\"tag\">Tendance du march\u00e9 publicitaire<\/a><\/div>\n\n\n<div style=\"height:0.5em;width:0px\" aria-hidden=\"true\" class=\"wp-block-spacer\"><\/div>\n\n\n<div class=\"date wp-block-post-date has-medium-font-size\"><time datetime=\"2024-04-19T16:23:20+02:00\">19. avril 2024<\/time><\/div>\n\n<h6 style=\"font-size:17px;\" class=\"has-link-color posthover wp-elements-668afe38e325c4b2aa7e4d81eccee35c wp-block-post-title has-text-color has-black-900-color\"><a href=\"https:\/\/mediafocus.ch\/fr\/publication\/le-marche-publicitaire-toujours-aussi-solide-en-mars-2024\/\" target=\"_self\" >Le march\u00e9 publicitaire toujours aussi solide en mars\u00a02024<\/a><\/h6>\n\n\n<div style=\"height:1em;width:0px\" aria-hidden=\"true\" class=\"wp-block-spacer\"><\/div>\n<\/div>\n\n<\/li><li class=\"wp-block-post post-588175 wbk_post_entry type-wbk_post_entry status-publish format-standard hentry wbk_post_entry_category-publications wbk_post_entry_category-tendance-du-marche-publicitaire\">\n\n<div class=\"wp-block-group boxpublikation has-white-000-background-color has-background is-layout-constrained wp-block-group-is-layout-constrained\"><div class=\"taxonomy-wbk_post_entry_category disabled-link wp-block-post-terms has-small-font-size\"><a href=\"https:\/\/mediafocus.ch\/wbk_post_entry_category\/publications\/\" rel=\"tag\">Media Focus Publications<\/a><span class=\"wp-block-post-terms__separator\">, <\/span><a href=\"https:\/\/mediafocus.ch\/wbk_post_entry_category\/tendance-du-marche-publicitaire\/\" rel=\"tag\">Tendance du march\u00e9 publicitaire<\/a><\/div>\n\n\n<div style=\"height:0.5em;width:0px\" aria-hidden=\"true\" class=\"wp-block-spacer\"><\/div>\n\n\n<div class=\"date wp-block-post-date has-medium-font-size\"><time datetime=\"2024-03-20T17:01:32+01:00\">20. mars 2024<\/time><\/div>\n\n<h6 style=\"font-size:17px;\" class=\"has-link-color posthover wp-elements-668afe38e325c4b2aa7e4d81eccee35c wp-block-post-title has-text-color has-black-900-color\"><a href=\"https:\/\/mediafocus.ch\/fr\/publication\/le-marche-publicitaire-suisse-a-nouveau-en-hausse\/\" target=\"_self\" >Le march\u00e9 publicitaire suisse \u00e0 nouveau en hausse<\/a><\/h6>\n\n\n<div style=\"height:1em;width:0px\" aria-hidden=\"true\" class=\"wp-block-spacer\"><\/div>\n<\/div>\n\n<\/li><li class=\"wp-block-post post-588176 wbk_post_entry type-wbk_post_entry status-publish format-standard hentry wbk_post_entry_category-tendance-de-la-marque wbk_post_entry_category-publications\">\n\n<div class=\"wp-block-group boxpublikation has-white-000-background-color has-background is-layout-constrained wp-block-group-is-layout-constrained\"><div class=\"taxonomy-wbk_post_entry_category disabled-link wp-block-post-terms has-small-font-size\"><a href=\"https:\/\/mediafocus.ch\/wbk_post_entry_category\/tendance-de-la-marque\/\" rel=\"tag\">Tendance de la marque<\/a><span class=\"wp-block-post-terms__separator\">, <\/span><a href=\"https:\/\/mediafocus.ch\/wbk_post_entry_category\/publications\/\" rel=\"tag\">Media Focus Publications<\/a><\/div>\n\n\n<div style=\"height:0.5em;width:0px\" aria-hidden=\"true\" class=\"wp-block-spacer\"><\/div>\n\n\n<div class=\"date wp-block-post-date has-medium-font-size\"><time datetime=\"2024-03-06T16:14:13+01:00\">6. mars 2024<\/time><\/div>\n\n<h6 style=\"font-size:17px;\" class=\"has-link-color posthover wp-elements-668afe38e325c4b2aa7e4d81eccee35c wp-block-post-title has-text-color has-black-900-color\"><a href=\"https:\/\/mediafocus.ch\/fr\/publication\/tendances-des-marques-suisse-2023\/\" target=\"_self\" >Tendances des marques Suisse 2023<\/a><\/h6>\n\n\n<div style=\"height:1em;width:0px\" aria-hidden=\"true\" class=\"wp-block-spacer\"><\/div>\n<\/div>\n\n<\/li><li class=\"wp-block-post post-588177 wbk_post_entry type-wbk_post_entry status-publish format-standard hentry wbk_post_entry_category-publications wbk_post_entry_category-tendance-du-marche-publicitaire\">\n\n<div class=\"wp-block-group boxpublikation has-white-000-background-color has-background is-layout-constrained wp-block-group-is-layout-constrained\"><div class=\"taxonomy-wbk_post_entry_category disabled-link wp-block-post-terms has-small-font-size\"><a href=\"https:\/\/mediafocus.ch\/wbk_post_entry_category\/publications\/\" rel=\"tag\">Media Focus Publications<\/a><span class=\"wp-block-post-terms__separator\">, <\/span><a href=\"https:\/\/mediafocus.ch\/wbk_post_entry_category\/tendance-du-marche-publicitaire\/\" rel=\"tag\">Tendance du march\u00e9 publicitaire<\/a><\/div>\n\n\n<div style=\"height:0.5em;width:0px\" aria-hidden=\"true\" class=\"wp-block-spacer\"><\/div>\n\n\n<div class=\"date wp-block-post-date has-medium-font-size\"><time datetime=\"2024-02-23T15:52:30+01:00\">23. f\u00e9vrier 2024<\/time><\/div>\n\n<h6 style=\"font-size:17px;\" class=\"has-link-color posthover wp-elements-668afe38e325c4b2aa7e4d81eccee35c wp-block-post-title has-text-color has-black-900-color\"><a href=\"https:\/\/mediafocus.ch\/fr\/publication\/le-marche-publicitaire-commence-lannee-2024-sur-les-chapeaux-de-roue\/\" target=\"_self\" >Le march\u00e9 publicitaire commence l\u2019ann\u00e9e\u00a02024 sur les chapeaux de roue<\/a><\/h6>\n\n\n<div style=\"height:1em;width:0px\" aria-hidden=\"true\" class=\"wp-block-spacer\"><\/div>\n<\/div>\n\n<\/li><li class=\"wp-block-post post-588178 wbk_post_entry type-wbk_post_entry status-publish format-standard hentry wbk_post_entry_category-publications-fr wbk_post_entry_category-publications wbk_post_entry_category-tendance-du-marche-publicitaire\">\n\n<div class=\"wp-block-group boxpublikation has-white-000-background-color has-background is-layout-constrained wp-block-group-is-layout-constrained\"><div class=\"taxonomy-wbk_post_entry_category disabled-link wp-block-post-terms has-small-font-size\"><a href=\"https:\/\/mediafocus.ch\/wbk_post_entry_category\/publications-fr\/\" rel=\"tag\">Media Focus Publications<\/a><span class=\"wp-block-post-terms__separator\">, <\/span><a href=\"https:\/\/mediafocus.ch\/wbk_post_entry_category\/publications\/\" rel=\"tag\">Media Focus Publications<\/a><span class=\"wp-block-post-terms__separator\">, <\/span><a href=\"https:\/\/mediafocus.ch\/wbk_post_entry_category\/tendance-du-marche-publicitaire\/\" rel=\"tag\">Tendance du march\u00e9 publicitaire<\/a><\/div>\n\n\n<div style=\"height:0.5em;width:0px\" aria-hidden=\"true\" class=\"wp-block-spacer\"><\/div>\n\n\n<div class=\"date wp-block-post-date has-medium-font-size\"><time datetime=\"2024-01-30T09:00:25+01:00\">30. janvier 2024<\/time><\/div>\n\n<h6 style=\"font-size:17px;\" class=\"has-link-color posthover wp-elements-668afe38e325c4b2aa7e4d81eccee35c wp-block-post-title has-text-color has-black-900-color\"><a href=\"https:\/\/mediafocus.ch\/fr\/publication\/resume-annuel-2023\/\" target=\"_self\" >R\u00e9sum\u00e9 annuel\u00a02023<\/a><\/h6>\n\n\n<div style=\"height:1em;width:0px\" aria-hidden=\"true\" class=\"wp-block-spacer\"><\/div>\n<\/div>\n\n<\/li><li class=\"wp-block-post post-588179 wbk_post_entry type-wbk_post_entry status-publish format-standard hentry wbk_post_entry_category-publications wbk_post_entry_category-tendance-du-marche-publicitaire\">\n\n<div class=\"wp-block-group boxpublikation has-white-000-background-color has-background is-layout-constrained wp-block-group-is-layout-constrained\"><div class=\"taxonomy-wbk_post_entry_category disabled-link wp-block-post-terms has-small-font-size\"><a href=\"https:\/\/mediafocus.ch\/wbk_post_entry_category\/publications\/\" rel=\"tag\">Media Focus Publications<\/a><span class=\"wp-block-post-terms__separator\">, <\/span><a href=\"https:\/\/mediafocus.ch\/wbk_post_entry_category\/tendance-du-marche-publicitaire\/\" rel=\"tag\">Tendance du march\u00e9 publicitaire<\/a><\/div>\n\n\n<div style=\"height:0.5em;width:0px\" aria-hidden=\"true\" class=\"wp-block-spacer\"><\/div>\n\n\n<div class=\"date wp-block-post-date has-medium-font-size\"><time datetime=\"2024-01-19T17:11:33+01:00\">19. janvier 2024<\/time><\/div>\n\n<h6 style=\"font-size:17px;\" class=\"has-link-color posthover wp-elements-668afe38e325c4b2aa7e4d81eccee35c wp-block-post-title has-text-color has-black-900-color\"><a href=\"https:\/\/mediafocus.ch\/fr\/publication\/les-temps-forts-du-mois-de-decembre-2023\/\" target=\"_self\" >Les temps forts du mois de d\u00e9cembre 2023<\/a><\/h6>\n\n\n<div style=\"height:1em;width:0px\" aria-hidden=\"true\" class=\"wp-block-spacer\"><\/div>\n<\/div>\n\n<\/li><li class=\"wp-block-post post-588180 wbk_post_entry type-wbk_post_entry status-publish format-standard hentry wbk_post_entry_category-publications wbk_post_entry_category-tendance-du-marche-publicitaire\">\n\n<div class=\"wp-block-group boxpublikation has-white-000-background-color has-background is-layout-constrained wp-block-group-is-layout-constrained\"><div class=\"taxonomy-wbk_post_entry_category disabled-link wp-block-post-terms has-small-font-size\"><a href=\"https:\/\/mediafocus.ch\/wbk_post_entry_category\/publications\/\" rel=\"tag\">Media Focus Publications<\/a><span class=\"wp-block-post-terms__separator\">, <\/span><a href=\"https:\/\/mediafocus.ch\/wbk_post_entry_category\/tendance-du-marche-publicitaire\/\" rel=\"tag\">Tendance du march\u00e9 publicitaire<\/a><\/div>\n\n\n<div style=\"height:0.5em;width:0px\" aria-hidden=\"true\" class=\"wp-block-spacer\"><\/div>\n\n\n<div class=\"date wp-block-post-date has-medium-font-size\"><time datetime=\"2023-12-19T08:51:21+01:00\">19. d\u00e9cembre 2023<\/time><\/div>\n\n<h6 style=\"font-size:17px;\" class=\"has-link-color posthover wp-elements-668afe38e325c4b2aa7e4d81eccee35c wp-block-post-title has-text-color has-black-900-color\"><a href=\"https:\/\/mediafocus.ch\/fr\/publication\/le-segment-out-of-home-se-presente-en-force\/\" target=\"_self\" >Le segment Out-of-Home se pr\u00e9sente en force<\/a><\/h6>\n\n\n<div style=\"height:1em;width:0px\" aria-hidden=\"true\" class=\"wp-block-spacer\"><\/div>\n<\/div>\n\n<\/li><li class=\"wp-block-post post-588181 wbk_post_entry type-wbk_post_entry status-publish format-standard hentry wbk_post_entry_category-tendance-du-marche-publicitaire wbk_post_entry_category-publications\">\n\n<div class=\"wp-block-group boxpublikation has-white-000-background-color has-background is-layout-constrained wp-block-group-is-layout-constrained\"><div class=\"taxonomy-wbk_post_entry_category disabled-link wp-block-post-terms has-small-font-size\"><a href=\"https:\/\/mediafocus.ch\/wbk_post_entry_category\/tendance-du-marche-publicitaire\/\" rel=\"tag\">Tendance du march\u00e9 publicitaire<\/a><span class=\"wp-block-post-terms__separator\">, <\/span><a href=\"https:\/\/mediafocus.ch\/wbk_post_entry_category\/publications\/\" rel=\"tag\">Media Focus Publications<\/a><\/div>\n\n\n<div style=\"height:0.5em;width:0px\" aria-hidden=\"true\" class=\"wp-block-spacer\"><\/div>\n\n\n<div class=\"date wp-block-post-date has-medium-font-size\"><time datetime=\"2023-11-15T11:08:54+01:00\">15. novembre 2023<\/time><\/div>\n\n<h6 style=\"font-size:17px;\" class=\"has-link-color posthover wp-elements-668afe38e325c4b2aa7e4d81eccee35c wp-block-post-title has-text-color has-black-900-color\"><a href=\"https:\/\/mediafocus.ch\/fr\/publication\/des-differences-notables-entre-2022-et-2023\/\" target=\"_self\" >Des diff\u00e9rences notables entre 2022 et 2023<\/a><\/h6>\n\n\n<div style=\"height:1em;width:0px\" aria-hidden=\"true\" class=\"wp-block-spacer\"><\/div>\n<\/div>\n\n<\/li><li class=\"wp-block-post post-588182 wbk_post_entry type-wbk_post_entry status-publish format-standard hentry wbk_post_entry_category-publications wbk_post_entry_category-tendance-du-marche-publicitaire\">\n\n<div class=\"wp-block-group boxpublikation has-white-000-background-color has-background is-layout-constrained wp-block-group-is-layout-constrained\"><div class=\"taxonomy-wbk_post_entry_category disabled-link wp-block-post-terms has-small-font-size\"><a href=\"https:\/\/mediafocus.ch\/wbk_post_entry_category\/publications\/\" rel=\"tag\">Media Focus Publications<\/a><span class=\"wp-block-post-terms__separator\">, <\/span><a href=\"https:\/\/mediafocus.ch\/wbk_post_entry_category\/tendance-du-marche-publicitaire\/\" rel=\"tag\">Tendance du march\u00e9 publicitaire<\/a><\/div>\n\n\n<div style=\"height:0.5em;width:0px\" aria-hidden=\"true\" class=\"wp-block-spacer\"><\/div>\n\n\n<div class=\"date wp-block-post-date has-medium-font-size\"><time datetime=\"2023-10-18T16:45:26+02:00\">18. octobre 2023<\/time><\/div>\n\n<h6 style=\"font-size:17px;\" class=\"has-link-color posthover wp-elements-668afe38e325c4b2aa7e4d81eccee35c wp-block-post-title has-text-color has-black-900-color\"><a href=\"https:\/\/mediafocus.ch\/fr\/publication\/tendance-a-la-hausse-apres-le-creux-estival\/\" target=\"_self\" >Tendance \u00e0 la hausse apr\u00e8s le creux estival<\/a><\/h6>\n\n\n<div style=\"height:1em;width:0px\" aria-hidden=\"true\" class=\"wp-block-spacer\"><\/div>\n<\/div>\n\n<\/li><li class=\"wp-block-post post-588183 wbk_post_entry type-wbk_post_entry status-publish format-standard hentry wbk_post_entry_category-publications wbk_post_entry_category-tendance-du-marche-publicitaire\">\n\n<div class=\"wp-block-group boxpublikation has-white-000-background-color has-background is-layout-constrained wp-block-group-is-layout-constrained\"><div class=\"taxonomy-wbk_post_entry_category disabled-link wp-block-post-terms has-small-font-size\"><a href=\"https:\/\/mediafocus.ch\/wbk_post_entry_category\/publications\/\" rel=\"tag\">Media Focus Publications<\/a><span class=\"wp-block-post-terms__separator\">, <\/span><a href=\"https:\/\/mediafocus.ch\/wbk_post_entry_category\/tendance-du-marche-publicitaire\/\" rel=\"tag\">Tendance du march\u00e9 publicitaire<\/a><\/div>\n\n\n<div style=\"height:0.5em;width:0px\" aria-hidden=\"true\" class=\"wp-block-spacer\"><\/div>\n\n\n<div class=\"date wp-block-post-date has-medium-font-size\"><time datetime=\"2023-09-15T14:33:00+02:00\">15. septembre 2023<\/time><\/div>\n\n<h6 style=\"font-size:17px;\" class=\"has-link-color posthover wp-elements-668afe38e325c4b2aa7e4d81eccee35c wp-block-post-title has-text-color has-black-900-color\"><a href=\"https:\/\/mediafocus.ch\/fr\/publication\/le-secteur-finances-largement-au-dessus-de-lannee-precedente\/\" target=\"_self\" >Le secteur Finances largement au-dessus de l\u2019ann\u00e9e pr\u00e9c\u00e9dente<\/a><\/h6>\n\n\n<div style=\"height:1em;width:0px\" aria-hidden=\"true\" class=\"wp-block-spacer\"><\/div>\n<\/div>\n\n<\/li><li class=\"wp-block-post post-588184 wbk_post_entry type-wbk_post_entry status-publish format-standard hentry wbk_post_entry_category-publications wbk_post_entry_category-tendance-du-marche-publicitaire\">\n\n<div class=\"wp-block-group boxpublikation has-white-000-background-color has-background is-layout-constrained wp-block-group-is-layout-constrained\"><div class=\"taxonomy-wbk_post_entry_category disabled-link wp-block-post-terms has-small-font-size\"><a href=\"https:\/\/mediafocus.ch\/wbk_post_entry_category\/publications\/\" rel=\"tag\">Media Focus Publications<\/a><span class=\"wp-block-post-terms__separator\">, <\/span><a href=\"https:\/\/mediafocus.ch\/wbk_post_entry_category\/tendance-du-marche-publicitaire\/\" rel=\"tag\">Tendance du march\u00e9 publicitaire<\/a><\/div>\n\n\n<div style=\"height:0.5em;width:0px\" aria-hidden=\"true\" class=\"wp-block-spacer\"><\/div>\n\n\n<div class=\"date wp-block-post-date has-medium-font-size\"><time datetime=\"2023-08-16T11:42:32+02:00\">16. ao\u00fbt 2023<\/time><\/div>\n\n<h6 style=\"font-size:17px;\" class=\"has-link-color posthover wp-elements-668afe38e325c4b2aa7e4d81eccee35c wp-block-post-title has-text-color has-black-900-color\"><a href=\"https:\/\/mediafocus.ch\/fr\/publication\/grace-a-barbenheimer-pas-de-creux-estival-pour-la-publicite-au-cinema\/\" target=\"_self\" >Gr\u00e2ce \u00e0 \u00abBarbenheimer\u00bb, pas de creux estival pour la publicit\u00e9 au cin\u00e9ma<\/a><\/h6>\n\n\n<div style=\"height:1em;width:0px\" aria-hidden=\"true\" class=\"wp-block-spacer\"><\/div>\n<\/div>\n\n<\/li><li class=\"wp-block-post post-588185 wbk_post_entry type-wbk_post_entry status-publish format-standard hentry wbk_post_entry_category-tendance-de-la-marque wbk_post_entry_category-publications\">\n\n<div class=\"wp-block-group boxpublikation has-white-000-background-color has-background is-layout-constrained wp-block-group-is-layout-constrained\"><div class=\"taxonomy-wbk_post_entry_category disabled-link wp-block-post-terms has-small-font-size\"><a href=\"https:\/\/mediafocus.ch\/wbk_post_entry_category\/tendance-de-la-marque\/\" rel=\"tag\">Tendance de la marque<\/a><span class=\"wp-block-post-terms__separator\">, <\/span><a href=\"https:\/\/mediafocus.ch\/wbk_post_entry_category\/publications\/\" rel=\"tag\">Media Focus Publications<\/a><\/div>\n\n\n<div style=\"height:0.5em;width:0px\" aria-hidden=\"true\" class=\"wp-block-spacer\"><\/div>\n\n\n<div class=\"date wp-block-post-date has-medium-font-size\"><time datetime=\"2023-08-10T16:10:39+02:00\">10. ao\u00fbt 2023<\/time><\/div>\n\n<h6 style=\"font-size:17px;\" class=\"has-link-color posthover wp-elements-668afe38e325c4b2aa7e4d81eccee35c wp-block-post-title has-text-color has-black-900-color\"><a href=\"https:\/\/mediafocus.ch\/fr\/publication\/tendances-des-marques-suisse-s1-2023\/\" target=\"_self\" >Tendances des marques Suisse S1 2023<\/a><\/h6>\n\n\n<div style=\"height:1em;width:0px\" aria-hidden=\"true\" class=\"wp-block-spacer\"><\/div>\n<\/div>\n\n<\/li><li class=\"wp-block-post post-588186 wbk_post_entry type-wbk_post_entry status-publish format-standard hentry wbk_post_entry_category-tendance-du-marche-publicitaire wbk_post_entry_category-publications\">\n\n<div class=\"wp-block-group boxpublikation has-white-000-background-color has-background is-layout-constrained wp-block-group-is-layout-constrained\"><div class=\"taxonomy-wbk_post_entry_category disabled-link wp-block-post-terms has-small-font-size\"><a href=\"https:\/\/mediafocus.ch\/wbk_post_entry_category\/tendance-du-marche-publicitaire\/\" rel=\"tag\">Tendance du march\u00e9 publicitaire<\/a><span class=\"wp-block-post-terms__separator\">, <\/span><a href=\"https:\/\/mediafocus.ch\/wbk_post_entry_category\/publications\/\" rel=\"tag\">Media Focus Publications<\/a><\/div>\n\n\n<div style=\"height:0.5em;width:0px\" aria-hidden=\"true\" class=\"wp-block-spacer\"><\/div>\n\n\n<div class=\"date wp-block-post-date has-medium-font-size\"><time datetime=\"2023-07-19T13:08:38+02:00\">19. juillet 2023<\/time><\/div>\n\n<h6 style=\"font-size:17px;\" class=\"has-link-color posthover wp-elements-668afe38e325c4b2aa7e4d81eccee35c wp-block-post-title has-text-color has-black-900-color\"><a href=\"https:\/\/mediafocus.ch\/fr\/publication\/bilan-du-premier-semestre-le-marche-publicitaire-legerement-en-retard-par-rapport-a-lannee-precedente\/\" target=\"_self\" >Bilan du premier semestre: le march\u00e9 publicitaire l\u00e9g\u00e8rement en retard par rapport \u00e0 l\u2019ann\u00e9e pr\u00e9c\u00e9dente<\/a><\/h6>\n\n\n<div style=\"height:1em;width:0px\" aria-hidden=\"true\" class=\"wp-block-spacer\"><\/div>\n<\/div>\n\n<\/li><li class=\"wp-block-post post-588187 wbk_post_entry type-wbk_post_entry status-publish format-standard hentry wbk_post_entry_category-tendance-du-marche-publicitaire wbk_post_entry_category-publications\">\n\n<div class=\"wp-block-group boxpublikation has-white-000-background-color has-background is-layout-constrained wp-block-group-is-layout-constrained\"><div class=\"taxonomy-wbk_post_entry_category disabled-link wp-block-post-terms has-small-font-size\"><a href=\"https:\/\/mediafocus.ch\/wbk_post_entry_category\/tendance-du-marche-publicitaire\/\" rel=\"tag\">Tendance du march\u00e9 publicitaire<\/a><span class=\"wp-block-post-terms__separator\">, <\/span><a href=\"https:\/\/mediafocus.ch\/wbk_post_entry_category\/publications\/\" rel=\"tag\">Media Focus Publications<\/a><\/div>\n\n\n<div style=\"height:0.5em;width:0px\" aria-hidden=\"true\" class=\"wp-block-spacer\"><\/div>\n\n\n<div class=\"date wp-block-post-date has-medium-font-size\"><time datetime=\"2023-06-16T15:35:09+02:00\">16. juin 2023<\/time><\/div>\n\n<h6 style=\"font-size:17px;\" class=\"has-link-color posthover wp-elements-668afe38e325c4b2aa7e4d81eccee35c wp-block-post-title has-text-color has-black-900-color\"><a href=\"https:\/\/mediafocus.ch\/fr\/publication\/augmentation-en-ce-beau-mois-de-mai\/\" target=\"_self\" >Augmentation en ce beau mois de mai<\/a><\/h6>\n\n\n<div style=\"height:1em;width:0px\" aria-hidden=\"true\" class=\"wp-block-spacer\"><\/div>\n<\/div>\n\n<\/li><li class=\"wp-block-post post-588188 wbk_post_entry type-wbk_post_entry status-publish format-standard hentry wbk_post_entry_category-tendance-du-marche-publicitaire wbk_post_entry_category-publications\">\n\n<div class=\"wp-block-group boxpublikation has-white-000-background-color has-background is-layout-constrained wp-block-group-is-layout-constrained\"><div class=\"taxonomy-wbk_post_entry_category disabled-link wp-block-post-terms has-small-font-size\"><a href=\"https:\/\/mediafocus.ch\/wbk_post_entry_category\/tendance-du-marche-publicitaire\/\" rel=\"tag\">Tendance du march\u00e9 publicitaire<\/a><span class=\"wp-block-post-terms__separator\">, <\/span><a href=\"https:\/\/mediafocus.ch\/wbk_post_entry_category\/publications\/\" rel=\"tag\">Media Focus Publications<\/a><\/div>\n\n\n<div style=\"height:0.5em;width:0px\" aria-hidden=\"true\" class=\"wp-block-spacer\"><\/div>\n\n\n<div class=\"date wp-block-post-date has-medium-font-size\"><time datetime=\"2023-05-17T16:41:00+02:00\">17. mai 2023<\/time><\/div>\n\n<h6 style=\"font-size:17px;\" class=\"has-link-color posthover wp-elements-668afe38e325c4b2aa7e4d81eccee35c wp-block-post-title has-text-color has-black-900-color\"><a href=\"https:\/\/mediafocus.ch\/fr\/publication\/avril-a-peine-en-dessous-de-la-valeur-de-lannee-precedente\/\" target=\"_self\" >Avril \u00e0 peine en dessous de la valeur de l\u2019ann\u00e9e pr\u00e9c\u00e9dente<\/a><\/h6>\n\n\n<div style=\"height:1em;width:0px\" aria-hidden=\"true\" class=\"wp-block-spacer\"><\/div>\n<\/div>\n\n<\/li><li class=\"wp-block-post post-588189 wbk_post_entry type-wbk_post_entry status-publish format-standard hentry wbk_post_entry_category-tendance-du-marche-publicitaire wbk_post_entry_category-publications\">\n\n<div class=\"wp-block-group boxpublikation has-white-000-background-color has-background is-layout-constrained wp-block-group-is-layout-constrained\"><div class=\"taxonomy-wbk_post_entry_category disabled-link wp-block-post-terms has-small-font-size\"><a href=\"https:\/\/mediafocus.ch\/wbk_post_entry_category\/tendance-du-marche-publicitaire\/\" rel=\"tag\">Tendance du march\u00e9 publicitaire<\/a><span class=\"wp-block-post-terms__separator\">, <\/span><a href=\"https:\/\/mediafocus.ch\/wbk_post_entry_category\/publications\/\" rel=\"tag\">Media Focus Publications<\/a><\/div>\n\n\n<div style=\"height:0.5em;width:0px\" aria-hidden=\"true\" class=\"wp-block-spacer\"><\/div>\n\n\n<div class=\"date wp-block-post-date has-medium-font-size\"><time datetime=\"2023-04-20T16:29:13+02:00\">20. avril 2023<\/time><\/div>\n\n<h6 style=\"font-size:17px;\" class=\"has-link-color posthover wp-elements-668afe38e325c4b2aa7e4d81eccee35c wp-block-post-title has-text-color has-black-900-color\"><a href=\"https:\/\/mediafocus.ch\/fr\/publication\/augmentation-significative-de-la-pression-publicitaire-brute-au-mois-de-mars\/\" target=\"_self\" >Augmentation significative de la pression publicitaire brute au mois de mars<\/a><\/h6>\n\n\n<div style=\"height:1em;width:0px\" aria-hidden=\"true\" class=\"wp-block-spacer\"><\/div>\n<\/div>\n\n<\/li><li class=\"wp-block-post post-588190 wbk_post_entry type-wbk_post_entry status-publish format-standard hentry wbk_post_entry_category-tendance-de-la-marque wbk_post_entry_category-publications\">\n\n<div class=\"wp-block-group boxpublikation has-white-000-background-color has-background is-layout-constrained wp-block-group-is-layout-constrained\"><div class=\"taxonomy-wbk_post_entry_category disabled-link wp-block-post-terms has-small-font-size\"><a href=\"https:\/\/mediafocus.ch\/wbk_post_entry_category\/tendance-de-la-marque\/\" rel=\"tag\">Tendance de la marque<\/a><span class=\"wp-block-post-terms__separator\">, <\/span><a href=\"https:\/\/mediafocus.ch\/wbk_post_entry_category\/publications\/\" rel=\"tag\">Media Focus Publications<\/a><\/div>\n\n\n<div style=\"height:0.5em;width:0px\" aria-hidden=\"true\" class=\"wp-block-spacer\"><\/div>\n\n\n<div class=\"date wp-block-post-date has-medium-font-size\"><time datetime=\"2023-04-18T15:09:30+02:00\">18. avril 2023<\/time><\/div>\n\n<h6 style=\"font-size:17px;\" class=\"has-link-color posthover wp-elements-668afe38e325c4b2aa7e4d81eccee35c wp-block-post-title has-text-color has-black-900-color\"><a href=\"https:\/\/mediafocus.ch\/fr\/publication\/tendances-des-marques-suisse-2022\/\" target=\"_self\" >Tendances des marques Suisse 2022<\/a><\/h6>\n\n\n<div style=\"height:1em;width:0px\" aria-hidden=\"true\" class=\"wp-block-spacer\"><\/div>\n<\/div>\n\n<\/li><li class=\"wp-block-post post-588191 wbk_post_entry type-wbk_post_entry status-publish format-standard hentry wbk_post_entry_category-tendance-du-marche-publicitaire wbk_post_entry_category-publications\">\n\n<div class=\"wp-block-group boxpublikation has-white-000-background-color has-background is-layout-constrained wp-block-group-is-layout-constrained\"><div class=\"taxonomy-wbk_post_entry_category disabled-link wp-block-post-terms has-small-font-size\"><a href=\"https:\/\/mediafocus.ch\/wbk_post_entry_category\/tendance-du-marche-publicitaire\/\" rel=\"tag\">Tendance du march\u00e9 publicitaire<\/a><span class=\"wp-block-post-terms__separator\">, <\/span><a href=\"https:\/\/mediafocus.ch\/wbk_post_entry_category\/publications\/\" rel=\"tag\">Media Focus Publications<\/a><\/div>\n\n\n<div style=\"height:0.5em;width:0px\" aria-hidden=\"true\" class=\"wp-block-spacer\"><\/div>\n\n\n<div class=\"date wp-block-post-date has-medium-font-size\"><time datetime=\"2023-04-05T10:32:44+02:00\">5. avril 2023<\/time><\/div>\n\n<h6 style=\"font-size:17px;\" class=\"has-link-color posthover wp-elements-668afe38e325c4b2aa7e4d81eccee35c wp-block-post-title has-text-color has-black-900-color\"><a href=\"https:\/\/mediafocus.ch\/fr\/publication\/resume-annuel-2022-et-le-marche-publicitaire-de-decembre\/\" target=\"_self\" >R\u00e9sum\u00e9 annuel 2022 et le march\u00e9 publicitaire de d\u00e9cembre<\/a><\/h6>\n\n\n<div style=\"height:1em;width:0px\" aria-hidden=\"true\" class=\"wp-block-spacer\"><\/div>\n<\/div>\n\n<\/li><li class=\"wp-block-post post-588192 wbk_post_entry type-wbk_post_entry status-publish format-standard hentry wbk_post_entry_category-publications wbk_post_entry_category-publications-fr wbk_post_entry_category-tendance-du-marche-publicitaire\">\n\n<div class=\"wp-block-group boxpublikation has-white-000-background-color has-background is-layout-constrained wp-block-group-is-layout-constrained\"><div class=\"taxonomy-wbk_post_entry_category disabled-link wp-block-post-terms has-small-font-size\"><a href=\"https:\/\/mediafocus.ch\/wbk_post_entry_category\/publications\/\" rel=\"tag\">Media Focus Publications<\/a><span class=\"wp-block-post-terms__separator\">, <\/span><a href=\"https:\/\/mediafocus.ch\/wbk_post_entry_category\/publications-fr\/\" rel=\"tag\">Media Focus Publications<\/a><span class=\"wp-block-post-terms__separator\">, <\/span><a href=\"https:\/\/mediafocus.ch\/wbk_post_entry_category\/tendance-du-marche-publicitaire\/\" rel=\"tag\">Tendance du march\u00e9 publicitaire<\/a><\/div>\n\n\n<div style=\"height:0.5em;width:0px\" aria-hidden=\"true\" class=\"wp-block-spacer\"><\/div>\n\n\n<div class=\"date wp-block-post-date has-medium-font-size\"><time datetime=\"2023-03-16T17:35:20+01:00\">16. mars 2023<\/time><\/div>\n\n<h6 style=\"font-size:17px;\" class=\"has-link-color posthover wp-elements-668afe38e325c4b2aa7e4d81eccee35c wp-block-post-title has-text-color has-black-900-color\"><a href=\"https:\/\/mediafocus.ch\/fr\/publication\/legere-hausse-de-la-pression-publicitaire-en-fevrier\/\" target=\"_self\" >L\u00e9g\u00e8re hausse de la pression publicitaire en f\u00e9vrier<\/a><\/h6>\n\n\n<div style=\"height:1em;width:0px\" aria-hidden=\"true\" class=\"wp-block-spacer\"><\/div>\n<\/div>\n\n<\/li><\/ul>\n\n\n<div style=\"height:5em\" aria-hidden=\"true\" class=\"wp-block-spacer\"><\/div>\n\n\n\n\n\n<p><\/p>\n<\/div>\n\n\n\n<p><\/p>\n\n\n\n<p><\/p>\n<\/div>\n\n\n\n<div style=\"height:5em\" aria-hidden=\"true\" class=\"wp-block-spacer\"><\/div>\n<\/div>\n<\/div>\n\n\n\n\n\n<div class=\"wp-block-cover is-light\"><img loading=\"lazy\" decoding=\"async\" width=\"1921\" height=\"825\" class=\"wp-block-cover__image-background wp-image-2921\" alt=\"\" src=\"https:\/\/mediafocus.ch\/wp-content\/uploads\/2021\/12\/AHerger_20211130_AHE_17808.jpg\" data-object-fit=\"cover\" srcset=\"https:\/\/mediafocus.ch\/wp-content\/uploads\/2021\/12\/AHerger_20211130_AHE_17808.jpg 1921w, https:\/\/mediafocus.ch\/wp-content\/uploads\/2021\/12\/AHerger_20211130_AHE_17808-300x129.jpg 300w, https:\/\/mediafocus.ch\/wp-content\/uploads\/2021\/12\/AHerger_20211130_AHE_17808-1024x440.jpg 1024w, https:\/\/mediafocus.ch\/wp-content\/uploads\/2021\/12\/AHerger_20211130_AHE_17808-768x330.jpg 768w, https:\/\/mediafocus.ch\/wp-content\/uploads\/2021\/12\/AHerger_20211130_AHE_17808-1536x660.jpg 1536w\" sizes=\"auto, (max-width: 1921px) 100vw, 1921px\" \/><span aria-hidden=\"true\" class=\"wp-block-cover__background has-background-dim-0 has-background-dim\"><\/span><div class=\"wp-block-cover__inner-container is-layout-flow wp-block-cover-is-layout-flow\">\n<p class=\"has-text-align-center has-large-font-size\"><\/p>\n<\/div><\/div>\n\n\n\n<section class=\"wp-block-xeit-newsletter section section-form newsletter\" id=\"newsletter-form\" style=\"background-color:#0942bd\"><div class=\"container-medium\"><div class=\"row\"><div class=\"col-lg-5\"><section>\n<h3 class=\"wp-block-heading has-white-000-color has-text-color\">N\u2019h\u00e9sitez pas \u00e0 nous contacter.<\/h3>\n\n\n\n<p class=\"has-white-000-color has-text-color\"><br>Notre \u00e9quipe Conseil et Analyse se fera un plaisir de vous aider.<\/p>\n<\/section><\/div><div class=\"col-lg-6 pl-xl-9\"><div class=\"contactInfo\" style=\"display:flex;gap:20px;margin:20px 0;font-size:xx-large;flex-direction:column\"><div class=\"telInfo mediafocus-wite\" style=\"display:flex;gap:20px\"><img decoding=\"async\" class=\"\" src=\"https:\/\/mediafocus.ch\/wp-content\/themes\/mediafocus-ch\/images\/icons\/phone.svg\"\/><a><a href=\"tel:+41453222750\">T +41 43 322 27 50<\/a><\/a><\/div><div class=\"mailInfo mediafocus-wite\" style=\"display:flex;gap:20px\"><img decoding=\"async\" class=\"\" src=\"https:\/\/mediafocus.ch\/wp-content\/themes\/mediafocus-ch\/images\/icons\/mail.svg\"\/><a><a href=\"mailto:mediafocus@mediafocus.ch\">mediafocus@mediafocus.ch<\/a><\/a><\/div><\/div><input type=\"submit\" value=\"Contactez nous\" class=\"btn btn-outline-white\" data-mf-button=\"modalWindow-5b8c663c-26df-478b-8611-61df1bc36f24\"\/><div class=\"modal\" id=\"modalWindow-5b8c663c-26df-478b-8611-61df1bc36f24\" data-mf-modal=\"modal\"><div class=\"modal__dialog\"><div class=\"modal__content\"><div class=\"modal__body\"><div class=\"ratio ratio--4x3\"><iframe class=\"modal__iframe\" src=\"https:\/\/online3.superoffice.com\/Cust27000\/CS\/scripts\/customer.fcgi?action=formFrame&amp;formId=F-php5jCan\"><\/iframe><\/div><\/div><\/div><\/div><\/div><div class=\"modal__backdrop\" id=\"modalBackdrop\"><\/div><\/div><\/div><\/div><\/section>\n","protected":false},"excerpt":{"rendered":"<p>Publications Nos publications fournissent des informations fond\u00e9es sur le march\u00e9 publicitaire suisse ainsi que sur la visibilit\u00e9 globale des marques et des secteurs dans les domaines de la publicit\u00e9, de la communication et du sponsoring. Nous pr\u00e9parons r\u00e9guli\u00e8rement les chiffres cl\u00e9s pertinents, les \u00e9volutions actuelles et les mouvements mensuels du march\u00e9 de mani\u00e8re compr\u00e9hensible et [&hellip;]<\/p>\n","protected":false},"author":2,"featured_media":0,"parent":0,"menu_order":1,"comment_status":"closed","ping_status":"closed","template":"","meta":{"_acf_changed":false,"footnotes":""},"class_list":["post-7362","page","type-page","status-publish","hentry"],"acf":[],"yoast_head":"<!-- This site is optimized with the Yoast SEO plugin v27.5 - https:\/\/yoast.com\/product\/yoast-seo-wordpress\/ -->\n<title>Publications - Media Focus<\/title>\n<meta name=\"description\" content=\"Nos publications contiennent des informations passionnantes sur la visibilit\u00e9 des marques et le march\u00e9 publicitaire suisse.\" \/>\n<meta name=\"robots\" content=\"index, follow, max-snippet:-1, max-image-preview:large, max-video-preview:-1\" \/>\n<link rel=\"canonical\" href=\"https:\/\/mediafocus.ch\/fr\/publications\/\" \/>\n<meta property=\"og:locale\" content=\"fr_FR\" \/>\n<meta property=\"og:type\" content=\"article\" \/>\n<meta property=\"og:title\" content=\"Publications - Media Focus\" \/>\n<meta property=\"og:description\" content=\"Nos publications contiennent des informations passionnantes sur la visibilit\u00e9 des marques et le march\u00e9 publicitaire suisse.\" \/>\n<meta property=\"og:url\" content=\"https:\/\/mediafocus.ch\/fr\/publications\/\" \/>\n<meta property=\"og:site_name\" content=\"Media Focus\" \/>\n<meta property=\"article:modified_time\" content=\"2026-04-24T11:38:20+00:00\" \/>\n<meta property=\"og:image\" content=\"https:\/\/mediafocus.ch\/wp-content\/uploads\/2022\/02\/Titelbild-Publikationen.png\" \/>\n\t<meta property=\"og:image:width\" content=\"2000\" \/>\n\t<meta property=\"og:image:height\" content=\"1014\" \/>\n\t<meta property=\"og:image:type\" content=\"image\/png\" \/>\n<meta name=\"twitter:card\" content=\"summary_large_image\" \/>\n<meta name=\"twitter:label1\" content=\"Dur\u00e9e de lecture estim\u00e9e\" \/>\n\t<meta name=\"twitter:data1\" content=\"2 minutes\" \/>\n<script type=\"application\/ld+json\" class=\"yoast-schema-graph\">{\"@context\":\"https:\\\/\\\/schema.org\",\"@graph\":[{\"@type\":\"WebPage\",\"@id\":\"https:\\\/\\\/mediafocus.ch\\\/fr\\\/publications\\\/\",\"url\":\"https:\\\/\\\/mediafocus.ch\\\/fr\\\/publications\\\/\",\"name\":\"Publications - Media Focus\",\"isPartOf\":{\"@id\":\"https:\\\/\\\/mediafocus.ch\\\/fr\\\/#website\"},\"primaryImageOfPage\":{\"@id\":\"https:\\\/\\\/mediafocus.ch\\\/fr\\\/publications\\\/#primaryimage\"},\"image\":{\"@id\":\"https:\\\/\\\/mediafocus.ch\\\/fr\\\/publications\\\/#primaryimage\"},\"thumbnailUrl\":\"https:\\\/\\\/mediafocus.ch\\\/wp-content\\\/uploads\\\/2022\\\/02\\\/Titelbild-Publikationen.png\",\"datePublished\":\"2022-04-06T20:34:25+00:00\",\"dateModified\":\"2026-04-24T11:38:20+00:00\",\"description\":\"Nos publications contiennent des informations passionnantes sur la visibilit\u00e9 des marques et le march\u00e9 publicitaire suisse.\",\"breadcrumb\":{\"@id\":\"https:\\\/\\\/mediafocus.ch\\\/fr\\\/publications\\\/#breadcrumb\"},\"inLanguage\":\"fr-FR\",\"potentialAction\":[{\"@type\":\"ReadAction\",\"target\":[\"https:\\\/\\\/mediafocus.ch\\\/fr\\\/publications\\\/\"]}]},{\"@type\":\"ImageObject\",\"inLanguage\":\"fr-FR\",\"@id\":\"https:\\\/\\\/mediafocus.ch\\\/fr\\\/publications\\\/#primaryimage\",\"url\":\"https:\\\/\\\/mediafocus.ch\\\/wp-content\\\/uploads\\\/2022\\\/02\\\/Titelbild-Publikationen.png\",\"contentUrl\":\"https:\\\/\\\/mediafocus.ch\\\/wp-content\\\/uploads\\\/2022\\\/02\\\/Titelbild-Publikationen.png\"},{\"@type\":\"BreadcrumbList\",\"@id\":\"https:\\\/\\\/mediafocus.ch\\\/fr\\\/publications\\\/#breadcrumb\",\"itemListElement\":[{\"@type\":\"ListItem\",\"position\":1,\"name\":\"Home\",\"item\":\"https:\\\/\\\/mediafocus.ch\\\/fr\\\/\"},{\"@type\":\"ListItem\",\"position\":2,\"name\":\"Publications\"}]},{\"@type\":\"WebSite\",\"@id\":\"https:\\\/\\\/mediafocus.ch\\\/fr\\\/#website\",\"url\":\"https:\\\/\\\/mediafocus.ch\\\/fr\\\/\",\"name\":\"Media Focus\",\"description\":\"Data driven insights\",\"publisher\":{\"@id\":\"https:\\\/\\\/mediafocus.ch\\\/fr\\\/#organization\"},\"potentialAction\":[{\"@type\":\"SearchAction\",\"target\":{\"@type\":\"EntryPoint\",\"urlTemplate\":\"https:\\\/\\\/mediafocus.ch\\\/fr\\\/?s={search_term_string}\"},\"query-input\":{\"@type\":\"PropertyValueSpecification\",\"valueRequired\":true,\"valueName\":\"search_term_string\"}}],\"inLanguage\":\"fr-FR\"},{\"@type\":\"Organization\",\"@id\":\"https:\\\/\\\/mediafocus.ch\\\/fr\\\/#organization\",\"name\":\"Media Focus\",\"url\":\"https:\\\/\\\/mediafocus.ch\\\/fr\\\/\",\"logo\":{\"@type\":\"ImageObject\",\"inLanguage\":\"fr-FR\",\"@id\":\"https:\\\/\\\/mediafocus.ch\\\/fr\\\/#\\\/schema\\\/logo\\\/image\\\/\",\"url\":\"https:\\\/\\\/mediafocus.ch\\\/wp-content\\\/uploads\\\/2022\\\/05\\\/media-focus-logo-mit-claim.svg\",\"contentUrl\":\"https:\\\/\\\/mediafocus.ch\\\/wp-content\\\/uploads\\\/2022\\\/05\\\/media-focus-logo-mit-claim.svg\",\"caption\":\"Media Focus\"},\"image\":{\"@id\":\"https:\\\/\\\/mediafocus.ch\\\/fr\\\/#\\\/schema\\\/logo\\\/image\\\/\"}}]}<\/script>\n<!-- \/ Yoast SEO plugin. -->","yoast_head_json":{"title":"Publications - Media Focus","description":"Nos publications contiennent des informations passionnantes sur la visibilit\u00e9 des marques et le march\u00e9 publicitaire suisse.","robots":{"index":"index","follow":"follow","max-snippet":"max-snippet:-1","max-image-preview":"max-image-preview:large","max-video-preview":"max-video-preview:-1"},"canonical":"https:\/\/mediafocus.ch\/fr\/publications\/","og_locale":"fr_FR","og_type":"article","og_title":"Publications - Media Focus","og_description":"Nos publications contiennent des informations passionnantes sur la visibilit\u00e9 des marques et le march\u00e9 publicitaire suisse.","og_url":"https:\/\/mediafocus.ch\/fr\/publications\/","og_site_name":"Media Focus","article_modified_time":"2026-04-24T11:38:20+00:00","og_image":[{"width":2000,"height":1014,"url":"https:\/\/mediafocus.ch\/wp-content\/uploads\/2022\/02\/Titelbild-Publikationen.png","type":"image\/png"}],"twitter_card":"summary_large_image","twitter_misc":{"Dur\u00e9e de lecture estim\u00e9e":"2 minutes"},"schema":{"@context":"https:\/\/schema.org","@graph":[{"@type":"WebPage","@id":"https:\/\/mediafocus.ch\/fr\/publications\/","url":"https:\/\/mediafocus.ch\/fr\/publications\/","name":"Publications - Media Focus","isPartOf":{"@id":"https:\/\/mediafocus.ch\/fr\/#website"},"primaryImageOfPage":{"@id":"https:\/\/mediafocus.ch\/fr\/publications\/#primaryimage"},"image":{"@id":"https:\/\/mediafocus.ch\/fr\/publications\/#primaryimage"},"thumbnailUrl":"https:\/\/mediafocus.ch\/wp-content\/uploads\/2022\/02\/Titelbild-Publikationen.png","datePublished":"2022-04-06T20:34:25+00:00","dateModified":"2026-04-24T11:38:20+00:00","description":"Nos publications contiennent des informations passionnantes sur la visibilit\u00e9 des marques et le march\u00e9 publicitaire suisse.","breadcrumb":{"@id":"https:\/\/mediafocus.ch\/fr\/publications\/#breadcrumb"},"inLanguage":"fr-FR","potentialAction":[{"@type":"ReadAction","target":["https:\/\/mediafocus.ch\/fr\/publications\/"]}]},{"@type":"ImageObject","inLanguage":"fr-FR","@id":"https:\/\/mediafocus.ch\/fr\/publications\/#primaryimage","url":"https:\/\/mediafocus.ch\/wp-content\/uploads\/2022\/02\/Titelbild-Publikationen.png","contentUrl":"https:\/\/mediafocus.ch\/wp-content\/uploads\/2022\/02\/Titelbild-Publikationen.png"},{"@type":"BreadcrumbList","@id":"https:\/\/mediafocus.ch\/fr\/publications\/#breadcrumb","itemListElement":[{"@type":"ListItem","position":1,"name":"Home","item":"https:\/\/mediafocus.ch\/fr\/"},{"@type":"ListItem","position":2,"name":"Publications"}]},{"@type":"WebSite","@id":"https:\/\/mediafocus.ch\/fr\/#website","url":"https:\/\/mediafocus.ch\/fr\/","name":"Media Focus","description":"Data driven insights","publisher":{"@id":"https:\/\/mediafocus.ch\/fr\/#organization"},"potentialAction":[{"@type":"SearchAction","target":{"@type":"EntryPoint","urlTemplate":"https:\/\/mediafocus.ch\/fr\/?s={search_term_string}"},"query-input":{"@type":"PropertyValueSpecification","valueRequired":true,"valueName":"search_term_string"}}],"inLanguage":"fr-FR"},{"@type":"Organization","@id":"https:\/\/mediafocus.ch\/fr\/#organization","name":"Media Focus","url":"https:\/\/mediafocus.ch\/fr\/","logo":{"@type":"ImageObject","inLanguage":"fr-FR","@id":"https:\/\/mediafocus.ch\/fr\/#\/schema\/logo\/image\/","url":"https:\/\/mediafocus.ch\/wp-content\/uploads\/2022\/05\/media-focus-logo-mit-claim.svg","contentUrl":"https:\/\/mediafocus.ch\/wp-content\/uploads\/2022\/05\/media-focus-logo-mit-claim.svg","caption":"Media Focus"},"image":{"@id":"https:\/\/mediafocus.ch\/fr\/#\/schema\/logo\/image\/"}}]}},"_links":{"self":[{"href":"https:\/\/mediafocus.ch\/fr\/wp-json\/wp\/v2\/pages\/7362","targetHints":{"allow":["GET"]}}],"collection":[{"href":"https:\/\/mediafocus.ch\/fr\/wp-json\/wp\/v2\/pages"}],"about":[{"href":"https:\/\/mediafocus.ch\/fr\/wp-json\/wp\/v2\/types\/page"}],"author":[{"embeddable":true,"href":"https:\/\/mediafocus.ch\/fr\/wp-json\/wp\/v2\/users\/2"}],"replies":[{"embeddable":true,"href":"https:\/\/mediafocus.ch\/fr\/wp-json\/wp\/v2\/comments?post=7362"}],"version-history":[{"count":12,"href":"https:\/\/mediafocus.ch\/fr\/wp-json\/wp\/v2\/pages\/7362\/revisions"}],"predecessor-version":[{"id":581779,"href":"https:\/\/mediafocus.ch\/fr\/wp-json\/wp\/v2\/pages\/7362\/revisions\/581779"}],"wp:attachment":[{"href":"https:\/\/mediafocus.ch\/fr\/wp-json\/wp\/v2\/media?parent=7362"}],"curies":[{"name":"wp","href":"https:\/\/api.w.org\/{rel}","templated":true}]}}